{"id":77346,"date":"2024-05-29T07:45:32","date_gmt":"2024-05-29T05:45:32","guid":{"rendered":"https:\/\/jagdverband.it\/premio-ambientale\/"},"modified":"2026-08-17T11:52:40","modified_gmt":"2026-08-17T09:52:40","slug":"premio-ambientale-goldene-auerhenne","status":"publish","type":"page","link":"https:\/\/jagdverband.it\/it\/premio-ambientale-goldene-auerhenne\/","title":{"rendered":"Premio ambientale"},"content":{"rendered":"<p>[et_pb_section fb_built=&#8221;1&#8243; fullwidth=&#8221;on&#8221; admin_label=&#8221;Call to Action&#8221; _builder_version=&#8221;4.16&#8243; custom_padding=&#8221;0px|0px|0|0px|false|false&#8221; animation_direction=&#8221;bottom&#8221; locked=&#8221;off&#8221; global_colors_info=&#8221;{}&#8221;][et_pb_fullwidth_header title=&#8221;Premio ambientale ACAA \u201cGoldene Auerhenne\u201d&#8221; _builder_version=&#8221;4.18.0&#8243; title_level=&#8221;h2&#8243; title_font=&#8221;||||||||&#8221; title_text_align=&#8221;left&#8221; title_font_size=&#8221;40px&#8221; content_font=&#8221;||||||||&#8221; content_font_size=&#8221;20px&#8221; content_line_height=&#8221;1.8em&#8221; subhead_font=&#8221;||||||||&#8221; background_color=&#8221;rgba(255,255,255,0)&#8221; background_color_gradient_direction=&#8221;90deg&#8221; background_image=&#8221;https:\/\/jagdverband.it\/wp-content\/uploads\/2018\/09\/WildUndLebensraum.jpg&#8221; custom_button_one=&#8221;on&#8221; button_one_text_size=&#8221;18px&#8221; button_one_bg_color=&#8221;#02d002&#8243; button_one_border_width=&#8221;8px&#8221; button_one_border_color=&#8221;#02d002&#8243; button_one_border_radius=&#8221;0px&#8221; button_one_letter_spacing=&#8221;1px&#8221; button_one_font=&#8221;Lato|700|||||||&#8221; button_one_use_icon=&#8221;off&#8221; custom_button_two=&#8221;on&#8221; button_two_text_size=&#8221;18px&#8221; button_two_text_color=&#8221;#353740&#8243; button_two_bg_color=&#8221;#ffffff&#8221; button_two_border_width=&#8221;8px&#8221; button_two_border_color=&#8221;#ffffff&#8221; button_two_border_radius=&#8221;0px&#8221; button_two_letter_spacing=&#8221;1px&#8221; button_two_font=&#8221;Lato|700|||||||&#8221; button_two_use_icon=&#8221;off&#8221; custom_margin=&#8221;|||&#8221; custom_padding=&#8221;5%||5%|&#8221; hover_transition_duration=&#8221;0ms&#8221; hover_transition_speed_curve=&#8221;linear&#8221; title_font_size_tablet=&#8221;35px&#8221; title_font_size_phone=&#8221;30px&#8221; title_font_size_last_edited=&#8221;on|phone&#8221; button_one_letter_spacing_hover=&#8221;1px&#8221; button_two_letter_spacing_hover=&#8221;1px&#8221; global_colors_info=&#8221;{}&#8221; button_one_text_size__hover_enabled=&#8221;off&#8221; button_two_text_size__hover_enabled=&#8221;off&#8221; button_one_text_color__hover_enabled=&#8221;off&#8221; button_two_text_color__hover_enabled=&#8221;off&#8221; button_one_border_width__hover_enabled=&#8221;off&#8221; button_two_border_width__hover_enabled=&#8221;off&#8221; button_one_border_color__hover_enabled=&#8221;off&#8221; button_two_border_color__hover_enabled=&#8221;off&#8221; button_one_border_radius__hover_enabled=&#8221;off&#8221; button_two_border_radius__hover_enabled=&#8221;off&#8221; button_one_letter_spacing__hover_enabled=&#8221;on&#8221; button_one_letter_spacing__hover=&#8221;1px&#8221; button_two_letter_spacing__hover_enabled=&#8221;on&#8221; button_two_letter_spacing__hover=&#8221;1px&#8221; button_one_bg_color__hover_enabled=&#8221;off&#8221; button_two_bg_color__hover_enabled=&#8221;off&#8221;][\/et_pb_fullwidth_header][\/et_pb_section][et_pb_section fb_built=&#8221;1&#8243; specialty=&#8221;on&#8221; _builder_version=&#8221;4.16&#8243; custom_padding=&#8221;9px|0px|0|0px|false|false&#8221; global_colors_info=&#8221;{}&#8221;][et_pb_column type=&#8221;3_4&#8243; specialty_columns=&#8221;3&#8243; _builder_version=&#8221;4.16&#8243; custom_padding=&#8221;|||&#8221; global_colors_info=&#8221;{}&#8221; parallax__hover=&#8221;off&#8221; parallax_method__hover=&#8221;on&#8221; custom_padding__hover=&#8221;|||&#8221;][et_pb_row_inner _builder_version=&#8221;4.16&#8243; custom_margin=&#8221;10px||-23px||false|false&#8221; custom_padding=&#8221;13px|0px|0.9px|0px|false|false&#8221; global_colors_info=&#8221;{}&#8221;][et_pb_column_inner saved_specialty_column_type=&#8221;3_4&#8243; _builder_version=&#8221;4.16&#8243; custom_padding=&#8221;|||&#8221; global_colors_info=&#8221;{}&#8221; parallax__hover=&#8221;off&#8221; parallax_method__hover=&#8221;on&#8221; custom_padding__hover=&#8221;|||&#8221;][et_pb_text _builder_version=&#8221;4.18.0&#8243; global_colors_info=&#8221;{}&#8221;]<\/p>\n<h1><strong>Nuovo Premio ambientale ACAA per le riserve<\/strong><\/h1>\n<p>[\/et_pb_text][et_pb_text _builder_version=&#8221;4.18.0&#8243; text_font=&#8221;||||||||&#8221; text_line_height=&#8221;1.8em&#8221; header_font=&#8221;||||||||&#8221; custom_margin=&#8221;||15px|||&#8221; custom_padding=&#8221;||0px|||&#8221; animation_direction=&#8221;left&#8221; global_colors_info=&#8221;{}&#8221;]<\/p>\n<p>Sempre pi\u00f9 riserve della provincia sono attive con interventi e progetti a favore della nostra fauna selvatica. Partecipano a campagne di sensibilizzazione per promuovere fra la popolazione conoscenza e rispetto delle esigenze della selvaggina, collaborano con le scuole in tema di educazione faunistico-ambientale e realizzano miglioramenti degli habitat.<\/p>\n<p><strong>Un impegno encomiabile che va a beneficio della natura nel suo complesso.<\/strong><\/p>\n<p>L&#8217;Associazione Cacciatori Alto Adige intende ora onorare queste riserve particolarmente attive con un riconoscimento speciale: il nuovo premio sar\u00e0 assegnata ogni anno a una riserva che si sia distinta per uno sforzo speciale. La riserva sar\u00e0 premiata con un riconoscimento, un distintivo raffigurante una femmina di gallo cedrone e un premio monetario di 1.000 euro.<\/p>\n<p>Il regolamento e il modulo per la partecipazione sono scaricabili sotto.<\/p>\n<p>&nbsp;<\/p>\n<p>[\/et_pb_text][\/et_pb_column_inner][\/et_pb_row_inner][et_pb_row_inner _builder_version=&#8221;4.16&#8243; global_colors_info=&#8221;{}&#8221;][et_pb_column_inner saved_specialty_column_type=&#8221;3_4&#8243; _builder_version=&#8221;4.16&#8243; global_colors_info=&#8221;{}&#8221;][et_pb_image src=&#8221;https:\/\/jagdverband.it\/wp-content\/uploads\/2024\/05\/Goldene-Auerhenne-Gantioler-Thomas.jpg&#8221; title_text=&#8221;Goldene Auerhenne Gantioler Thomas&#8221; _builder_version=&#8221;4.18.0&#8243; global_colors_info=&#8221;{}&#8221;][\/et_pb_image][et_pb_text _builder_version=&#8221;4.18.0&#8243; custom_margin=&#8221;-10px||||false|false&#8221; custom_padding=&#8221;||10px|||&#8221; locked=&#8221;off&#8221; global_colors_info=&#8221;{}&#8221;]<\/p>\n<h6 style=\"text-align: right;\">Foto: Thomas Gantioler<\/h6>\n<p>[\/et_pb_text][\/et_pb_column_inner][\/et_pb_row_inner][et_pb_row_inner _builder_version=&#8221;4.16&#8243; custom_margin=&#8221;||50px||false|false&#8221; custom_padding=&#8221;13px|0px|0.9px|0px|false|false&#8221; global_colors_info=&#8221;{}&#8221;][et_pb_column_inner saved_specialty_column_type=&#8221;3_4&#8243; _builder_version=&#8221;4.16&#8243; custom_padding=&#8221;|||&#8221; global_colors_info=&#8221;{}&#8221; parallax__hover=&#8221;off&#8221; parallax_method__hover=&#8221;on&#8221; custom_padding__hover=&#8221;|||&#8221;][et_pb_divider color=&#8221;rgba(0,0,0,0.1)&#8221; _builder_version=&#8221;4.16&#8243; global_colors_info=&#8221;{}&#8221;][\/et_pb_divider][et_pb_text _builder_version=&#8221;4.18.0&#8243; text_font=&#8221;||||||||&#8221; text_line_height=&#8221;1.8em&#8221; header_font=&#8221;||||||||&#8221; animation_direction=&#8221;left&#8221; global_colors_info=&#8221;{}&#8221;]<\/p>\n<h2>Regolamento<span style=\"color: #ff9900;\"><br \/>\n<\/span><\/h2>\n<p>[\/et_pb_text][et_pb_accordion _builder_version=&#8221;4.18.0&#8243; _module_preset=&#8221;default&#8221; global_colors_info=&#8221;{}&#8221;][et_pb_accordion_item title=&#8221;Chi pu\u00f2 partecipare?&#8221; open=&#8221;on&#8221; _builder_version=&#8221;4.18.0&#8243; _module_preset=&#8221;default&#8221; global_colors_info=&#8221;{}&#8221; toggle_level=&#8221;h3&#8243;]Tutte le riserve di caccia di diritto dell&#8217;Alto Adige<br \/>\n[\/et_pb_accordion_item][et_pb_accordion_item title=&#8221;Quali progetti possono essere presentati?&#8221; _builder_version=&#8221;4.18.0&#8243; _module_preset=&#8221;default&#8221; global_colors_info=&#8221;{}&#8221; toggle_level=&#8221;h3&#8243; open=&#8221;off&#8221;]Vengono presi in considerazioni progetti di rilievo svolti in una delle seguenti aree:<\/p>\n<ul>\n<li>ripristino e miglioramento dell&#8217;habitat dei tetraonidi e di altre specie (ad esempio, cura di pascoli alpini, nuclei arboreo-arbustivi e siepi, mucchi di pietre e muretti a secco, arbusteti a confine e aree di foraggiamento);<\/li>\n<li>sensibilizzazione di bambini e adulti (educazione faunistica e pubbliche relazioni);<\/li>\n<li>rimozione o segnalazione di fonti di pericolo per la selvaggina (ostacoli come recinzioni, cavi e reti inutilizzati, bacini d&#8217;acqua);<\/li>\n<li>raccolta dei rifiuti nella riserva;<\/li>\n<li>salvataggio di caprioletti;<\/li>\n<li>protezione della rigenerazione forestale;<\/li>\n<li>collegamento in rete dei biotopi;<\/li>\n<li>installazione di cassette nido;<\/li>\n<li>ulteriori misure a favore della fauna selvatica (ad es. monitoraggio volontario di una specie di selvaggina);<\/li>\n<li>collaborazione a studi scientifici.<\/li>\n<\/ul>\n<p>Possono essere presi in considerazione anche progetti in altri ambiti appropriati.<br \/>\n[\/et_pb_accordion_item][et_pb_accordion_item title=&#8221;Quali sono i criteri per l&#8217;assegnazione del premio?&#8221; _builder_version=&#8221;4.18.0&#8243; _module_preset=&#8221;default&#8221; global_colors_info=&#8221;{}&#8221; toggle_level=&#8221;h3&#8243; open=&#8221;off&#8221;]La giuria valuta i seguenti criteri:<\/p>\n<ul>\n<li>Idea (iniziativa, originalit\u00e0, obiettivo)<\/li>\n<li>Implementazione (carico di lavoro, comunicazione, monitoraggio del successo, cooperazione con terze parti)<\/li>\n<li>Impatto (effetto sulla fauna selvatica, benefici per la natura, ampiezza dell\u2019impatto ed effetto di apprendimento)<\/li>\n<\/ul>\n<p>[\/et_pb_accordion_item][et_pb_accordion_item title=&#8221;Come possono candidarsi le riserve?&#8221; _builder_version=&#8221;4.18.0&#8243; _module_preset=&#8221;default&#8221; global_colors_info=&#8221;{}&#8221; toggle_level=&#8221;h3&#8243; open=&#8221;off&#8221;]Ogni anno, fino alla fine di febbraio, le riserve di caccia possono presentare la domanda di partecipazione al premio \u201cDie Goldene Auerhenne\u201d, utilizzando l&#8217;apposito modulo da inviare all&#8217;Associazione Cacciatori Alto Adige all&#8217;indirizzo <strong><a href=\"mailto:info@jagdverband.it\">info@jagdverband.it.<\/a><\/strong><br \/>\n[\/et_pb_accordion_item][et_pb_accordion_item title=&#8221;Come \u00e8 composta la giuria?&#8221; _builder_version=&#8221;4.18.0&#8243; _module_preset=&#8221;default&#8221; global_colors_info=&#8221;{}&#8221; toggle_level=&#8221;h3&#8243; open=&#8221;off&#8221;]Il Consiglio direttivo provinciale ACAA sceglie il progetto vincitore. \u00c8 composto dal Presidente provinciale ACAA e dai suoi due Vice presidenti, dagli 8 Presidenti distrettuali, nonch\u00e9 dai rappresentanti dei gruppi linguistici italiano e ladino. Fa parte della giuria anche il direttore dell&#8217;Associazione Cacciatori Alto Adige.<br \/>\n[\/et_pb_accordion_item][et_pb_accordion_item title=&#8221;Cosa si vince?&#8221; _builder_version=&#8221;4.18.0&#8243; _module_preset=&#8221;default&#8221; global_colors_info=&#8221;{}&#8221; toggle_level=&#8221;h3&#8243; open=&#8221;off&#8221;]<\/p>\n<p>Vengono nominate le tre riserve che hanno presentato i migliori progetti. Le riserve nominate non vincitrici sono premiate con un diploma incorniciato e un premio in denaro di 500 euro. La riserva vincitrice \u00e8 premiata con una statuetta di legno rappresentante una femmina di gallo cedrone e un premio in denaro di 1000 euro. La giuria si riserva di modificare al bisogno il numero delle riserve nominate. La premiazione ufficiale avviene ogni anno durante l&#8217;Assemblea plenaria dell&#8217;Associazione Cacciatori Alto Adige.<\/p>\n<p>[\/et_pb_accordion_item][\/et_pb_accordion][et_pb_divider color=&#8221;rgba(0,0,0,0.1)&#8221; _builder_version=&#8221;4.16&#8243; global_colors_info=&#8221;{}&#8221;][\/et_pb_divider][et_pb_text disabled_on=&#8221;off|off|off&#8221; _builder_version=&#8221;4.18.0&#8243; text_font=&#8221;||||||||&#8221; text_line_height=&#8221;1.8em&#8221; header_font=&#8221;||||||||&#8221; animation_direction=&#8221;left&#8221; global_colors_info=&#8221;{}&#8221;]<\/p>\n<h2>Info e modulo di partecipazione<span style=\"color: #ff9900;\"><br \/><\/span><\/h2>\n<p>[\/et_pb_text][et_pb_text disabled_on=&#8221;off|off|off&#8221; _builder_version=&#8221;4.18.0&#8243; _module_preset=&#8221;default&#8221; custom_margin=&#8221;||5px|||&#8221; global_colors_info=&#8221;{}&#8221;]<\/p>\n<p><a href=\"https:\/\/jagdverband.it\/wp-content\/uploads\/2025\/08\/Goldene-Auerhenne-Regolamento.pdf\" target=\"_blank\" rel=\"noopener\"><strong>Goldene Auerhenne \u2013 Regolamento<\/strong><\/a><\/p>\n<p>[\/et_pb_text][et_pb_text disabled_on=&#8221;off|off|off&#8221; _builder_version=&#8221;4.18.0&#8243; _module_preset=&#8221;default&#8221; custom_margin=&#8221;||8px|||&#8221; global_colors_info=&#8221;{}&#8221;]<\/p>\n<p><a href=\"https:\/\/jagdverband.it\/wp-content\/uploads\/2025\/08\/Goldene-Auerhenne-Modulo.pdf\" target=\"_blank\" rel=\"noopener\"><strong>Goldene Auerhenne \u2013 Modulo di partecipazione<\/strong><\/a><\/p>\n<p>[\/et_pb_text][et_pb_divider color=&#8221;rgba(0,0,0,0.1)&#8221; _builder_version=&#8221;4.16&#8243; global_colors_info=&#8221;{}&#8221;][\/et_pb_divider][\/et_pb_column_inner][\/et_pb_row_inner][et_pb_row_inner disabled_on=&#8221;off|off|off&#8221; _builder_version=&#8221;4.18.0&#8243; custom_margin=&#8221;||17px||false|false&#8221; custom_padding=&#8221;13px|0px|0.9px|0px|false|false&#8221; locked=&#8221;off&#8221; global_colors_info=&#8221;{}&#8221;][et_pb_column_inner saved_specialty_column_type=&#8221;3_4&#8243; _builder_version=&#8221;4.16&#8243; custom_padding=&#8221;|||&#8221; global_colors_info=&#8221;{}&#8221; parallax__hover=&#8221;off&#8221; parallax_method__hover=&#8221;on&#8221; custom_padding__hover=&#8221;|||&#8221;][et_pb_divider color=&#8221;rgba(0,0,0,0.1)&#8221; _builder_version=&#8221;4.16&#8243; global_colors_info=&#8221;{}&#8221;][\/et_pb_divider][et_pb_text _builder_version=&#8221;4.27.4&#8243; text_font=&#8221;||||||||&#8221; header_font=&#8221;||||||||&#8221; background_color=&#8221;rgba(113,132,63,0.28)&#8221; custom_padding=&#8221;16px||5px|||&#8221; animation_direction=&#8221;left&#8221; global_colors_info=&#8221;{}&#8221;]<\/p>\n<h2 style=\"text-align: center;\">Riserva vincitrice e riserve nominate \u2013 Edizione 2026<span style=\"color: #ff9900;\"><br \/><\/span><\/h2>\n<p>[\/et_pb_text][et_pb_text _builder_version=&#8221;4.27.4&#8243; text_font=&#8221;||||||||&#8221; text_line_height=&#8221;1.8em&#8221; header_font=&#8221;||||||||&#8221; animation_direction=&#8221;left&#8221; global_colors_info=&#8221;{}&#8221;]<\/p>\n<h2>La riserva vincitrice<span style=\"color: #ff9900;\"><br \/><\/span><\/h2>\n<p>[\/et_pb_text][et_pb_accordion _builder_version=&#8221;4.27.4&#8243; _module_preset=&#8221;default&#8221; global_colors_info=&#8221;{}&#8221;][et_pb_accordion_item title=&#8221;Riserva di caccia di San Martino in Casies &#8221; open=&#8221;on&#8221; _builder_version=&#8221;4.27.4&#8243; _module_preset=&#8221;default&#8221; global_colors_info=&#8221;{}&#8221; toggle_level=&#8221;h3&#8243;]<\/p>\n<p>La riserva di caccia di San Martino in Casies si impegna da anni con grande dedizione a favore della fauna selvatica e della natura, e ha conquistato la giuria grazie a una grande variet\u00e0 di iniziative. Per le cacciatrici e i cacciatori di Casies \u00e8 particolarmente importante avvicinare la popolazione al mondo della caccia e alle tradizioni ad essa legate, dimostrando un solido radicamento nella comunit\u00e0 locale: nelle scuole illustrano ai bambini la flora e la fauna locale, mentre durante le processioni annuali indossano abiti tradizionali venatori per portare a spalla la statua dell&#8217;Angelo Custode, compito per cui in passato non si trovava pi\u00f9 nessuno disposto. In occasione delle ultime rassegne di gestione del distretto venatorio, hanno inoltre offerto uno splendido sguardo sulla loro riserva e sulle attivit\u00e0 di gestione attraverso una mostra fotografica.<\/p>\n<p>Grande \u00e8 anche il loro impegno per l\u2019ambiente: i cacciatori partecipano regolarmente alle iniziative di raccolte di rifiuti nel paese e hanno gi\u00e0 rimosso diverse fonti di pericolo per gli animali selvatici e le persone. Infine, la riserva di Casies \u00e8 attiva da anni nella salvaguardia dei caprioletti: prima con i classici dissuasori in legno, oggi con il drone acquistato di recente. Anno dopo anno, i cacciatori portano avanti anche diversi interventi di miglioramento dell\u2019habitat. Solo nel 2025, hanno investito pi\u00f9 di 400 ore di lavoro volontario in misure a favore della fauna e della natura.<\/p>\n<p>&nbsp;<\/p>\n<div id=\"attachment_87467\" style=\"width: 1290px\" class=\"wp-caption alignnone\"><a href=\"https:\/\/jagdverband.it\/goldene-auerhenne\/goldene-auerhenne-2026-gsies-kitzrettung\/\"><img loading=\"lazy\" aria-describedby=\"caption-attachment-87467\" class=\"wp-image-87467 size-full\" src=\"https:\/\/jagdverband.it\/wp-content\/uploads\/2026\/08\/Goldene-Auerhenne-2026-Gsies-Kitzrettung.jpg\" alt=\"\" width=\"1280\" height=\"1272\" srcset=\"https:\/\/jagdverband.it\/wp-content\/uploads\/2026\/08\/Goldene-Auerhenne-2026-Gsies-Kitzrettung.jpg 1280w, https:\/\/jagdverband.it\/wp-content\/uploads\/2026\/08\/Goldene-Auerhenne-2026-Gsies-Kitzrettung-980x974.jpg 980w, https:\/\/jagdverband.it\/wp-content\/uploads\/2026\/08\/Goldene-Auerhenne-2026-Gsies-Kitzrettung-480x477.jpg 480w\" sizes=\"(min-width: 0px) and (max-width: 480px) 480px, (min-width: 481px) and (max-width: 980px) 980px, (min-width: 981px) 1280px, 100vw\" \/><\/a><p id=\"caption-attachment-87467\" class=\"wp-caption-text\">La riserva di caccia \u00e8 attiva da anni nel salvataggio dei caprioletti: dal 2025 un nuovo drone rende la ricerca ancora pi\u00f9 efficiente e agevole.<\/p><\/div>\n<p>&nbsp;<\/p>\n<div id=\"attachment_87469\" style=\"width: 1317px\" class=\"wp-caption alignnone\"><a href=\"https:\/\/jagdverband.it\/goldene-auerhenne\/goldene-auerhenne-2026-gsies-prozzesion\/\"><img loading=\"lazy\" aria-describedby=\"caption-attachment-87469\" class=\"wp-image-87469 size-full\" src=\"https:\/\/jagdverband.it\/wp-content\/uploads\/2026\/08\/Goldene-Auerhenne-2026-Gsies-Prozzesion.jpg\" alt=\"\" width=\"1307\" height=\"781\" srcset=\"https:\/\/jagdverband.it\/wp-content\/uploads\/2026\/08\/Goldene-Auerhenne-2026-Gsies-Prozzesion.jpg 1307w, https:\/\/jagdverband.it\/wp-content\/uploads\/2026\/08\/Goldene-Auerhenne-2026-Gsies-Prozzesion-1280x765.jpg 1280w, https:\/\/jagdverband.it\/wp-content\/uploads\/2026\/08\/Goldene-Auerhenne-2026-Gsies-Prozzesion-980x586.jpg 980w, https:\/\/jagdverband.it\/wp-content\/uploads\/2026\/08\/Goldene-Auerhenne-2026-Gsies-Prozzesion-480x287.jpg 480w\" sizes=\"(min-width: 0px) and (max-width: 480px) 480px, (min-width: 481px) and (max-width: 980px) 980px, (min-width: 981px) and (max-width: 1280px) 1280px, (min-width: 1281px) 1307px, 100vw\" \/><\/a><p id=\"caption-attachment-87469\" class=\"wp-caption-text\">I cacciatori di Casies si occupano ora di portare la statua dell&#8217;Angelo Custode durante le processioni, compito per il quale non si trovava pi\u00f9 nessuno.<\/p><\/div>\n<p>&nbsp;<\/p>\n<div id=\"attachment_87471\" style=\"width: 1930px\" class=\"wp-caption alignnone\"><a href=\"https:\/\/jagdverband.it\/goldene-auerhenne\/goldene-auerhenne-2026-gsies-schulbesuch\/\"><img loading=\"lazy\" aria-describedby=\"caption-attachment-87471\" class=\"wp-image-87471 size-full\" src=\"https:\/\/jagdverband.it\/wp-content\/uploads\/2026\/08\/Goldene-Auerhenne-2026-Gsies-Schulbesuch.jpg\" alt=\"\" width=\"1920\" height=\"2035\" srcset=\"https:\/\/jagdverband.it\/wp-content\/uploads\/2026\/08\/Goldene-Auerhenne-2026-Gsies-Schulbesuch.jpg 1920w, https:\/\/jagdverband.it\/wp-content\/uploads\/2026\/08\/Goldene-Auerhenne-2026-Gsies-Schulbesuch-1280x1357.jpg 1280w, https:\/\/jagdverband.it\/wp-content\/uploads\/2026\/08\/Goldene-Auerhenne-2026-Gsies-Schulbesuch-980x1039.jpg 980w, https:\/\/jagdverband.it\/wp-content\/uploads\/2026\/08\/Goldene-Auerhenne-2026-Gsies-Schulbesuch-480x509.jpg 480w\" sizes=\"(min-width: 0px) and (max-width: 480px) 480px, (min-width: 481px) and (max-width: 980px) 980px, (min-width: 981px) and (max-width: 1280px) 1280px, (min-width: 1281px) 1920px, 100vw\" \/><\/a><p id=\"caption-attachment-87471\" class=\"wp-caption-text\">Visita alla scuola primaria di San Martino in Casies: gli alunni scoprono da vicino la fauna selvatica locale.<\/p><\/div>\n<h4>\u00a0<\/h4>\n<p>[\/et_pb_accordion_item][\/et_pb_accordion][et_pb_text _builder_version=&#8221;4.27.4&#8243; text_font=&#8221;||||||||&#8221; text_line_height=&#8221;1.8em&#8221; header_font=&#8221;||||||||&#8221; animation_direction=&#8221;left&#8221; global_colors_info=&#8221;{}&#8221;]<\/p>\n<h2>Le riserve nominate<span style=\"color: #ff9900;\"><br \/><\/span><\/h2>\n<p>[\/et_pb_text][et_pb_accordion _builder_version=&#8221;4.27.4&#8243; _module_preset=&#8221;default&#8221; global_colors_info=&#8221;{}&#8221;][et_pb_accordion_item title=&#8221;Riserva di caccia di Valas\u2013Avigna&#8221; open=&#8221;on&#8221; _builder_version=&#8221;4.27.4&#8243; _module_preset=&#8221;default&#8221; global_colors_info=&#8221;{}&#8221; toggle_level=&#8221;h3&#8243;]<\/p>\n<p>La riserva di caccia di Valas\u2013Avigna \u00e8 stata una delle prime in Alto Adige a impiegare droni con termocamera per il salvataggio dei caprioletti. Oggi la riserva opera con tre squadre attrezzate con droni e negli ultimi dodici anni i volontari hanno prestato oltre 2.000 ore di servizio, salvando ben 551 piccoli selvatici dalle falciatrici. La riserva ha cos\u00ec fornito un impulso fondamentale, rendendo l&#8217;uso dei droni con termocamera una pratica di successo anche in molte altre riserve. Oltre al salvataggio dei caprioletti, la riserva di Valas\u2013Avigna si dedica con impegno anche alla cura degli habitat della fauna selvatica.<\/p>\n<p>&nbsp;<\/p>\n<div id=\"attachment_87476\" style=\"width: 826px\" class=\"wp-caption alignnone\"><a href=\"https:\/\/jagdverband.it\/goldene-auerhenne\/goldene-auerhenne-2026-flaas-afing-kitzrettung\/\"><img loading=\"lazy\" aria-describedby=\"caption-attachment-87476\" class=\"wp-image-87476 size-full\" src=\"https:\/\/jagdverband.it\/wp-content\/uploads\/2026\/08\/Goldene-Auerhenne-2026-Flaas-Afing-Kitzrettung.jpg\" alt=\"\" width=\"816\" height=\"1282\" srcset=\"https:\/\/jagdverband.it\/wp-content\/uploads\/2026\/08\/Goldene-Auerhenne-2026-Flaas-Afing-Kitzrettung.jpg 816w, https:\/\/jagdverband.it\/wp-content\/uploads\/2026\/08\/Goldene-Auerhenne-2026-Flaas-Afing-Kitzrettung-480x754.jpg 480w\" sizes=\"(min-width: 0px) and (max-width: 480px) 480px, (min-width: 481px) 816px, 100vw\" \/><\/a><p id=\"caption-attachment-87476\" class=\"wp-caption-text\">Il rettore Paul Reiterer partecipa alle operazioni di salvataggio dei caprioletti.<\/p><\/div>\n<p>&nbsp;<\/p>\n<p><div id=\"attachment_87478\" style=\"width: 588px\" class=\"wp-caption alignnone\"><a href=\"https:\/\/jagdverband.it\/goldene-auerhenne\/goldene-auerhenne-2026-flaas-afing-kitzrettung2\/\"><img loading=\"lazy\" aria-describedby=\"caption-attachment-87478\" class=\"wp-image-87478 size-full\" src=\"https:\/\/jagdverband.it\/wp-content\/uploads\/2026\/08\/Goldene-Auerhenne-2026-Flaas-Afing-Kitzrettung2.jpg\" alt=\"\" width=\"578\" height=\"433\" srcset=\"https:\/\/jagdverband.it\/wp-content\/uploads\/2026\/08\/Goldene-Auerhenne-2026-Flaas-Afing-Kitzrettung2.jpg 578w, https:\/\/jagdverband.it\/wp-content\/uploads\/2026\/08\/Goldene-Auerhenne-2026-Flaas-Afing-Kitzrettung2-480x360.jpg 480w\" sizes=\"(min-width: 0px) and (max-width: 480px) 480px, (min-width: 481px) 578px, 100vw\" \/><\/a><p id=\"caption-attachment-87478\" class=\"wp-caption-text\">La riserva di caccia di Valas-Avinga \u00e8 stata una delle prime in Alto Adige a impiegare droni con termocamera, salvando gi\u00e0 oltre 550 piccoli.<\/p><\/div>[\/et_pb_accordion_item][et_pb_accordion_item title=&#8221;Riserva di caccia di Cortaccia &#8221; _builder_version=&#8221;4.27.4&#8243; _module_preset=&#8221;default&#8221; global_colors_info=&#8221;{}&#8221; toggle_level=&#8221;h3&#8243; open=&#8221;off&#8221;]<\/p>\n<p>I lavori di miglioramento dell\u2019habitat vantano una lunga tradizione nella riserva di caccia di Cortaccia. Da diversi decenni i cacciatori mantengono aperti vari terreni attraverso interventi mirati, garantendo cos\u00ec la tutela della biodiversit\u00e0 e dell\u2019habitat per gli animali selvatici. Solo negli ultimi nove anni sono state dedicate a questo scopo pi\u00f9 di 1.300 ore di lavoro. Le iniziative vengono documentate e realizzate nell\u2019ambito del \u201cFondo del paesaggio\u201d della Provincia Autonoma di Bolzano. Un tema particolarmente a cuore per i cacciatori di Cortaccia \u00e8 quello degli ex pascoli alberati: in stretta collaborazione con le autorit\u00e0 preposte, le monoculture di abete rosso nate da un rimboschimento troppo fitto vengono rimosse per poi curare le superfici recuperate.<\/p>\n<p>&nbsp;<\/p>\n<div id=\"attachment_87481\" style=\"width: 1396px\" class=\"wp-caption alignnone\"><a href=\"https:\/\/jagdverband.it\/it\/premio-ambientale-goldene-auerhenne\/goldene-auerhenne-2026-kurtatsch-2-2\/\"><img loading=\"lazy\" aria-describedby=\"caption-attachment-87481\" class=\"wp-image-87481 size-full\" src=\"https:\/\/jagdverband.it\/wp-content\/uploads\/2026\/08\/Goldene-Auerhenne-2026-Kurtatsch-2.jpg\" alt=\"\" width=\"1386\" height=\"1040\" srcset=\"https:\/\/jagdverband.it\/wp-content\/uploads\/2026\/08\/Goldene-Auerhenne-2026-Kurtatsch-2.jpg 1386w, https:\/\/jagdverband.it\/wp-content\/uploads\/2026\/08\/Goldene-Auerhenne-2026-Kurtatsch-2-1280x960.jpg 1280w, https:\/\/jagdverband.it\/wp-content\/uploads\/2026\/08\/Goldene-Auerhenne-2026-Kurtatsch-2-980x735.jpg 980w, https:\/\/jagdverband.it\/wp-content\/uploads\/2026\/08\/Goldene-Auerhenne-2026-Kurtatsch-2-480x360.jpg 480w\" sizes=\"(min-width: 0px) and (max-width: 480px) 480px, (min-width: 481px) and (max-width: 980px) 980px, (min-width: 981px) and (max-width: 1280px) 1280px, (min-width: 1281px) 1386px, 100vw\" \/><\/a><p id=\"caption-attachment-87481\" class=\"wp-caption-text\">Grazie all&#8217;impegnativo ripristino dei pascoli alberati, i cacciatori di Cortaccia creano un habitat prezioso per camosci e galliformi selvatici.<\/p><\/div>\n<p>&nbsp;<\/p>\n<p><div id=\"attachment_87482\" style=\"width: 1395px\" class=\"wp-caption alignnone\"><a href=\"https:\/\/jagdverband.it\/goldene-auerhenne\/goldene-auerhenne-2026-kurtatsch-1\/\"><img loading=\"lazy\" aria-describedby=\"caption-attachment-87482\" class=\"wp-image-87482 size-full\" src=\"https:\/\/jagdverband.it\/wp-content\/uploads\/2026\/08\/Goldene-Auerhenne-2026-Kurtatsch-1.jpg\" alt=\"\" width=\"1385\" height=\"543\" srcset=\"https:\/\/jagdverband.it\/wp-content\/uploads\/2026\/08\/Goldene-Auerhenne-2026-Kurtatsch-1.jpg 1385w, https:\/\/jagdverband.it\/wp-content\/uploads\/2026\/08\/Goldene-Auerhenne-2026-Kurtatsch-1-1280x502.jpg 1280w, https:\/\/jagdverband.it\/wp-content\/uploads\/2026\/08\/Goldene-Auerhenne-2026-Kurtatsch-1-980x384.jpg 980w, https:\/\/jagdverband.it\/wp-content\/uploads\/2026\/08\/Goldene-Auerhenne-2026-Kurtatsch-1-480x188.jpg 480w\" sizes=\"(min-width: 0px) and (max-width: 480px) 480px, (min-width: 481px) and (max-width: 980px) 980px, (min-width: 981px) and (max-width: 1280px) 1280px, (min-width: 1281px) 1385px, 100vw\" \/><\/a><p id=\"caption-attachment-87482\" class=\"wp-caption-text\">Nella riserva di caccia di Cortaccia i lavori di miglioramento dell\u2019habitat sono all&#8217;ordine del giorno e ogni anno vedono il grande impegno di cacciatrici e cacciatori.<\/p><\/div>[\/et_pb_accordion_item][\/et_pb_accordion][\/et_pb_column_inner][\/et_pb_row_inner][et_pb_row_inner disabled_on=&#8221;off|off|off&#8221; _builder_version=&#8221;4.18.0&#8243; custom_margin=&#8221;||17px||false|false&#8221; custom_padding=&#8221;13px|0px|0.9px|0px|false|false&#8221; locked=&#8221;off&#8221; global_colors_info=&#8221;{}&#8221;][et_pb_column_inner saved_specialty_column_type=&#8221;3_4&#8243; _builder_version=&#8221;4.16&#8243; custom_padding=&#8221;|||&#8221; global_colors_info=&#8221;{}&#8221; parallax__hover=&#8221;off&#8221; parallax_method__hover=&#8221;on&#8221; custom_padding__hover=&#8221;|||&#8221;][et_pb_divider color=&#8221;rgba(0,0,0,0.1)&#8221; _builder_version=&#8221;4.16&#8243; global_colors_info=&#8221;{}&#8221;][\/et_pb_divider][et_pb_text _builder_version=&#8221;4.18.0&#8243; text_font=&#8221;||||||||&#8221; header_font=&#8221;||||||||&#8221; background_color=&#8221;rgba(113,132,63,0.28)&#8221; custom_padding=&#8221;16px||5px|||&#8221; animation_direction=&#8221;left&#8221; global_colors_info=&#8221;{}&#8221;]<\/p>\n<h2 style=\"text-align: center;\">Riserva vincitrice e riserve nominate \u2013 Edizione 2025<span style=\"color: #ff9900;\"><br \/><\/span><\/h2>\n<p>[\/et_pb_text][et_pb_text _builder_version=&#8221;4.18.0&#8243; text_font=&#8221;||||||||&#8221; text_line_height=&#8221;1.8em&#8221; header_font=&#8221;||||||||&#8221; animation_direction=&#8221;left&#8221; global_colors_info=&#8221;{}&#8221;]<\/p>\n<h2>La riserva vincitrice<span style=\"color: #ff9900;\"><br \/><\/span><\/h2>\n<p>[\/et_pb_text][et_pb_accordion _builder_version=&#8221;4.18.0&#8243; _module_preset=&#8221;default&#8221; global_colors_info=&#8221;{}&#8221;][et_pb_accordion_item title=&#8221;Riserva di caccia di Chiusa&#8221; open=&#8221;on&#8221; _builder_version=&#8221;4.18.0&#8243; _module_preset=&#8221;default&#8221; global_colors_info=&#8221;{}&#8221; toggle_level=&#8221;h3&#8243;]<\/p>\n<p>Non \u00e8 stato facile imporsi e distinguersi tra le forti concorrenti. Eppure, la riserva di Chiusa ci \u00e8 riuscita grazie ai numerosi e diversificati interventi in diversi ambiti. \u201cFauna selvatica, sostenibilit\u00e0, tradizione, ecologia e passione\u201d: sono queste le parole chiave che da molti anni guidano l\u2019azione della riserva di Chiusa. Per questo, le cacciatrici e i cacciatori di Chiusa vedono nel loro incarico molto pi\u00f9 che \u201csemplicemente andare a caccia\u201d, come affermano loro stessi.<\/p>\n<p>I cacciatori di Chiusa si impegnano costantemente a favore della selvaggina e dei suoi habitat. Nel 2024, i soci della riserva hanno prestato 430 ore di volontariato per il salvataggio di caprioletti e circa 220 ore per realizzare miglioramenti ambientali. Inoltre, la comunit\u00e0 venatoria partecipa ai monitoraggi sulla presenza faunistica e fornisce importanti dati di osservazione e di censimento.<\/p>\n<p>L\u2019attivit\u00e0 di sensibilizzazione dell\u2019opinione pubblica \u00e8 particolarmente sentita nella riserva, tanto che molti membri si rimboccano le maniche in questo ambito. I cacciatori di Chiusa si distinguono a livello provinciale sia nel settore gastronomico sia nell\u2019educazione ambientale, ricoprendo un ruolo di apripista ed esempio di buone pratiche.<\/p>\n<p>Da molti anni partecipano al \u201cBirmehlherbst\u201d di Verdignes, e nel 2024 numerosi soci della riserva hanno dato il loro contributo concreto alla Giornata provinciale di Sant\u2019Uberto. Per i cacciatori di Chiusa \u00e8 particolarmente importante offrire selvaggina e prodotti locali di produzione propria.<\/p>\n<p>Nel complesso, nel 2024 i cacciatori di Chiusa hanno dedicato oltre 1.000 ore di lavoro volontario.<\/p>\n<p>&nbsp;<\/p>\n<div id=\"attachment_81388\" style=\"width: 1034px\" class=\"wp-caption alignleft\"><a href=\"https:\/\/jagdverband.it\/wp-content\/uploads\/2025\/07\/Goldene-Auerhenne-Klausen01.jpg\"><img loading=\"lazy\" aria-describedby=\"caption-attachment-81388\" class=\"wp-image-81388 size-large\" src=\"https:\/\/jagdverband.it\/wp-content\/uploads\/2025\/07\/Goldene-Auerhenne-Klausen01-1024x683.jpg\" alt=\"\" width=\"1024\" height=\"683\" srcset=\"https:\/\/jagdverband.it\/wp-content\/uploads\/2025\/07\/Goldene-Auerhenne-Klausen01-980x654.jpg 980w, https:\/\/jagdverband.it\/wp-content\/uploads\/2025\/07\/Goldene-Auerhenne-Klausen01-480x320.jpg 480w\" sizes=\"(min-width: 0px) and (max-width: 480px) 480px, (min-width: 481px) and (max-width: 980px) 980px, (min-width: 981px) 1024px, 100vw\" \/><\/a><p id=\"caption-attachment-81388\" class=\"wp-caption-text\">Soprattutto nei settori delle relazioni pubbliche e dell\u2019educazione ambientale, la riserva di Chiusa \u00e8 pioniera e un modello a livello provinciale.<\/p><\/div>\n<h4>\u00a0<\/h4>\n<h4>\u00a0<\/h4>\n<div id=\"attachment_81390\" style=\"width: 693px\" class=\"wp-caption alignleft\"><a href=\"https:\/\/jagdverband.it\/wp-content\/uploads\/2025\/07\/Goldene-Auerhenne-Klausen02-scaled.jpg\"><img loading=\"lazy\" aria-describedby=\"caption-attachment-81390\" class=\"wp-image-81390 size-large\" src=\"https:\/\/jagdverband.it\/wp-content\/uploads\/2025\/07\/Goldene-Auerhenne-Klausen02-683x1024.jpg\" alt=\"\" width=\"683\" height=\"1024\" \/><\/a><p id=\"caption-attachment-81390\" class=\"wp-caption-text\">Dal punto di vista gastronomico, a Chiusa hanno molto da offrire. La comunit\u00e0 venatoria attribuisce particolare importanza alla selvaggina locale.<\/p><\/div>\n<h4>\u00a0<\/h4>\n<div id=\"attachment_81392\" style=\"width: 1034px\" class=\"wp-caption alignleft\"><a href=\"https:\/\/jagdverband.it\/wp-content\/uploads\/2025\/07\/Goldene-Auerhenne-Klausen03.jpg\"><img loading=\"lazy\" aria-describedby=\"caption-attachment-81392\" class=\"wp-image-81392 size-large\" src=\"https:\/\/jagdverband.it\/wp-content\/uploads\/2025\/07\/Goldene-Auerhenne-Klausen03-1024x766.jpg\" alt=\"\" width=\"1024\" height=\"766\" srcset=\"https:\/\/jagdverband.it\/wp-content\/uploads\/2025\/07\/Goldene-Auerhenne-Klausen03-980x733.jpg 980w, https:\/\/jagdverband.it\/wp-content\/uploads\/2025\/07\/Goldene-Auerhenne-Klausen03-480x359.jpg 480w\" sizes=\"(min-width: 0px) and (max-width: 480px) 480px, (min-width: 481px) and (max-width: 980px) 980px, (min-width: 981px) 1024px, 100vw\" \/><\/a><p id=\"caption-attachment-81392\" class=\"wp-caption-text\">Anche i miglioramenti ambientali fanno parte del programma annuale di attivit\u00e0 dei cacciatori di Chiusa.<\/p><\/div>\n<h4>\u00a0<\/h4>\n<p>&nbsp;<\/p>\n<div id=\"attachment_81396\" style=\"width: 1034px\" class=\"wp-caption alignleft\"><a href=\"https:\/\/jagdverband.it\/wp-content\/uploads\/2025\/07\/Goldene-Auerhenne-Klausen05.jpg\"><img loading=\"lazy\" aria-describedby=\"caption-attachment-81396\" class=\"wp-image-81396 size-large\" src=\"https:\/\/jagdverband.it\/wp-content\/uploads\/2025\/07\/Goldene-Auerhenne-Klausen05-1024x768.jpg\" alt=\"\" width=\"1024\" height=\"768\" srcset=\"https:\/\/jagdverband.it\/wp-content\/uploads\/2025\/07\/Goldene-Auerhenne-Klausen05-980x735.jpg 980w, https:\/\/jagdverband.it\/wp-content\/uploads\/2025\/07\/Goldene-Auerhenne-Klausen05-480x360.jpg 480w\" sizes=\"(min-width: 0px) and (max-width: 480px) 480px, (min-width: 481px) and (max-width: 980px) 980px, (min-width: 981px) 1024px, 100vw\" \/><\/a><p id=\"caption-attachment-81396\" class=\"wp-caption-text\">Oltre 400 ore di lavoro volontario dedicate solo al salvataggio di caprioletti.<\/p><\/div>\n<h4>\u00a0<\/h4>\n<h4>\u00a0<\/h4>\n<h4>\u00a0<\/h4>\n<p>[\/et_pb_accordion_item][\/et_pb_accordion][et_pb_text _builder_version=&#8221;4.18.0&#8243; text_font=&#8221;||||||||&#8221; text_line_height=&#8221;1.8em&#8221; header_font=&#8221;||||||||&#8221; animation_direction=&#8221;left&#8221; global_colors_info=&#8221;{}&#8221;]<\/p>\n<h2>Le riserve nominate<span style=\"color: #ff9900;\"><br \/><\/span><\/h2>\n<p>[\/et_pb_text][et_pb_accordion _builder_version=&#8221;4.18.0&#8243; _module_preset=&#8221;default&#8221; global_colors_info=&#8221;{}&#8221;][et_pb_accordion_item title=&#8221;Riserva di caccia Rifiano-Caines&#8221; open=&#8221;on&#8221; _builder_version=&#8221;4.18.0&#8243; _module_preset=&#8221;default&#8221; global_colors_info=&#8221;{}&#8221; toggle_level=&#8221;h3&#8243;]<\/p>\n<p>La riserva di caccia di Rifiano-Caines si distingue per un impegno notevole nel miglioramento degli habitat. In tre anni, i cacciatori di Rifiano hanno prestato circa 1.000 ore di volontariato. La riserva \u00e8 attiva anche nel salvataggio dei caprioletti. Dal 2023, le cacciatrici e i cacciatori intervengono con un proprio drone dotato di termocamera per la ricerca e il salvataggio della giovane selvaggina.<\/p>\n<p>Particolarmente degno di nota \u00e8 anche l\u2019impegno nell\u2019educazione ambientale. La riserva ha partecipato con grande dedizione a un progetto specifico sulla caccia organizzato dalla scuola primaria del luogo. Inoltre, ha promosso una vasta operazione di raccolta dei rifiuti: in quell\u2019occasione sono stati raccolti e smaltiti correttamente circa due carichi di camion di rifiuti ingombranti.<\/p>\n<p>&nbsp;<\/p>\n<div id=\"attachment_81384\" style=\"width: 1034px\" class=\"wp-caption alignleft\"><a href=\"https:\/\/jagdverband.it\/wp-content\/uploads\/2025\/07\/Goldene-Auerhenne-Riffian-01.jpg\"><img loading=\"lazy\" aria-describedby=\"caption-attachment-81384\" class=\"wp-image-81384 size-large\" src=\"https:\/\/jagdverband.it\/wp-content\/uploads\/2025\/07\/Goldene-Auerhenne-Riffian-01-1024x461.jpg\" alt=\"\" width=\"1024\" height=\"461\" srcset=\"https:\/\/jagdverband.it\/wp-content\/uploads\/2025\/07\/Goldene-Auerhenne-Riffian-01-980x442.jpg 980w, https:\/\/jagdverband.it\/wp-content\/uploads\/2025\/07\/Goldene-Auerhenne-Riffian-01-480x216.jpg 480w\" sizes=\"(min-width: 0px) and (max-width: 480px) 480px, (min-width: 481px) and (max-width: 980px) 980px, (min-width: 981px) 1024px, 100vw\" \/><\/a><p id=\"caption-attachment-81384\" class=\"wp-caption-text\">Durante una grande operazione di raccolta rifiuti nella riserva di caccia di Rifiano-Caines sono stati raccolti circa due carichi di camion di rifiuti ingombranti.<\/p><\/div>\n<h4>\u00a0<\/h4>\n<h4>\u00a0<\/h4>\n<div id=\"attachment_81386\" style=\"width: 1034px\" class=\"wp-caption alignleft\"><a href=\"https:\/\/jagdverband.it\/wp-content\/uploads\/2025\/07\/Goldene-Auerhenne-Riffian-02.jpg\"><img loading=\"lazy\" aria-describedby=\"caption-attachment-81386\" class=\"wp-image-81386 size-large\" src=\"https:\/\/jagdverband.it\/wp-content\/uploads\/2025\/07\/Goldene-Auerhenne-Riffian-02-1024x568.jpg\" alt=\"\" width=\"1024\" height=\"568\" srcset=\"https:\/\/jagdverband.it\/wp-content\/uploads\/2025\/07\/Goldene-Auerhenne-Riffian-02-980x544.jpg 980w, https:\/\/jagdverband.it\/wp-content\/uploads\/2025\/07\/Goldene-Auerhenne-Riffian-02-480x266.jpg 480w\" sizes=\"(min-width: 0px) and (max-width: 480px) 480px, (min-width: 481px) and (max-width: 980px) 980px, (min-width: 981px) 1024px, 100vw\" \/><\/a><p id=\"caption-attachment-81386\" class=\"wp-caption-text\">Il miglioramento dell\u2019habitat \u00e8 una questione che sta molto a cuore ai cacciatori di Rifiano. In tre anni vi hanno dedicato circa 1.000 ore di volontariato.<\/p><\/div>\n<h4>\u00a0<\/h4>\n<p>[\/et_pb_accordion_item][et_pb_accordion_item title=&#8221;Riserva di caccia di Monteponente&#8221; _builder_version=&#8221;4.18.0&#8243; _module_preset=&#8221;default&#8221; global_colors_info=&#8221;{}&#8221; toggle_level=&#8221;h3&#8243; open=&#8221;off&#8221;]<\/p>\n<p>Anche la riserva di caccia di Monteponente concentra le proprie attivit\u00e0 sul miglioramento degli habitat. In sei anni sono state prestate circa 1.500 ore di lavoro volontario. La comunit\u00e0 venatoria si \u00e8 inoltre impegnata nel salvataggio dei caprioletti e in azioni di raccolta dei rifiuti.<\/p>\n<p>Un punto di forza particolare della riserva \u00e8 l\u2019attivit\u00e0 di sensibilizzazione pubblica. In ambito gastronomico, la riserva attribuisce grande importanza alla qualit\u00e0 della selvaggina. Oltre a partecipare attivamente alla grande festa dei soci della Cassa Rurale della Val d\u2019Isarco, la riserva ha dato un contributo concreto anche alla scorsa Giornata provinciale di Sant\u2019Uberto.<\/p>\n<p>Inoltre, i cacciatori hanno fatto visita alle scuole primarie di Tiles e Scezze, per avvicinare i bambini alla conoscenza della selvaggina locale e del bosco.<\/p>\n<p>&nbsp;<\/p>\n<div id=\"attachment_81398\" style=\"width: 1034px\" class=\"wp-caption alignleft\"><a href=\"https:\/\/jagdverband.it\/wp-content\/uploads\/2025\/07\/Goldene-Auerhenne-Pfeffersberg-01.jpg\"><img loading=\"lazy\" aria-describedby=\"caption-attachment-81398\" class=\"wp-image-81398 size-large\" src=\"https:\/\/jagdverband.it\/wp-content\/uploads\/2025\/07\/Goldene-Auerhenne-Pfeffersberg-01-1024x768.jpg\" alt=\"\" width=\"1024\" height=\"768\" srcset=\"https:\/\/jagdverband.it\/wp-content\/uploads\/2025\/07\/Goldene-Auerhenne-Pfeffersberg-01-980x735.jpg 980w, https:\/\/jagdverband.it\/wp-content\/uploads\/2025\/07\/Goldene-Auerhenne-Pfeffersberg-01-480x360.jpg 480w\" sizes=\"(min-width: 0px) and (max-width: 480px) 480px, (min-width: 481px) and (max-width: 980px) 980px, (min-width: 981px) 1024px, 100vw\" \/><\/a><p id=\"caption-attachment-81398\" class=\"wp-caption-text\">La visita dei cacciatori di Monteponente stata un\u2019esperienza fantastica per i bambini delle due scuole primarie di Tiles e di Scezze.<\/p><\/div>\n<h4>\u00a0<\/h4>\n<h4>\u00a0<\/h4>\n<div id=\"attachment_81380\" style=\"width: 778px\" class=\"wp-caption alignleft\"><a href=\"https:\/\/jagdverband.it\/wp-content\/uploads\/2025\/07\/Goldene-Auerhenne-Pfeffersberg-02.jpg\"><img loading=\"lazy\" aria-describedby=\"caption-attachment-81380\" class=\"wp-image-81380 size-large\" src=\"https:\/\/jagdverband.it\/wp-content\/uploads\/2025\/07\/Goldene-Auerhenne-Pfeffersberg-02-768x1024.jpg\" alt=\"\" width=\"768\" height=\"1024\" \/><\/a><p id=\"caption-attachment-81380\" class=\"wp-caption-text\">Anche il rettore Christoph Hilpold d\u00e0 una mano nelle annuali operazioni di salvataggio dei caprioletti.<\/p><\/div>\n<h4>\u00a0<\/h4>\n<p>[\/et_pb_accordion_item][\/et_pb_accordion][et_pb_divider color=&#8221;rgba(0,0,0,0.1)&#8221; _builder_version=&#8221;4.16&#8243; locked=&#8221;off&#8221; global_colors_info=&#8221;{}&#8221;][\/et_pb_divider][\/et_pb_column_inner][\/et_pb_row_inner][et_pb_row_inner _builder_version=&#8221;4.18.0&#8243; _module_preset=&#8221;default&#8221; custom_padding=&#8221;20px||5px|||&#8221; locked=&#8221;off&#8221; global_colors_info=&#8221;{}&#8221;][et_pb_column_inner saved_specialty_column_type=&#8221;3_4&#8243; _builder_version=&#8221;4.16&#8243; _module_preset=&#8221;default&#8221; global_colors_info=&#8221;{}&#8221;][et_pb_text _builder_version=&#8221;4.18.0&#8243; _module_preset=&#8221;default&#8221; global_colors_info=&#8221;{}&#8221;]<\/p>\n<h2>Ringraziamo il nostro sponsor<\/h2>\n<p>[\/et_pb_text][\/et_pb_column_inner][\/et_pb_row_inner][et_pb_row_inner column_structure=&#8221;1_2,1_2&#8243; _builder_version=&#8221;4.18.0&#8243; _module_preset=&#8221;default&#8221; custom_margin=&#8221;||24px|||&#8221; custom_padding=&#8221;10px|||0px|false|false&#8221; locked=&#8221;off&#8221; global_colors_info=&#8221;{}&#8221;][et_pb_column_inner type=&#8221;1_2&#8243; saved_specialty_column_type=&#8221;3_4&#8243; _builder_version=&#8221;4.16&#8243; _module_preset=&#8221;default&#8221; global_colors_info=&#8221;{}&#8221;][et_pb_image src=&#8221;https:\/\/jagdverband.it\/wp-content\/uploads\/2025\/04\/Raiffeisen-Logo-Goldene-Auerhenne.jpg&#8221; title_text=&#8221;Raiffeisen Logo Goldene Auerhenne&#8221; url=&#8221;https:\/\/www.raiffeisen.it\/&#8221; url_new_window=&#8221;on&#8221; align=&#8221;center&#8221; _builder_version=&#8221;4.18.0&#8243; _module_preset=&#8221;default&#8221; width=&#8221;90%&#8221; custom_margin=&#8221;|||0px|false|false&#8221; global_colors_info=&#8221;{}&#8221;][\/et_pb_image][\/et_pb_column_inner][et_pb_column_inner type=&#8221;1_2&#8243; saved_specialty_column_type=&#8221;3_4&#8243; _builder_version=&#8221;4.16&#8243; _module_preset=&#8221;default&#8221; global_colors_info=&#8221;{}&#8221;][\/et_pb_column_inner][\/et_pb_row_inner][\/et_pb_column][et_pb_column type=&#8221;1_4&#8243; _builder_version=&#8221;4.16&#8243; custom_padding=&#8221;|||&#8221; global_colors_info=&#8221;{}&#8221; parallax__hover=&#8221;off&#8221; parallax_method__hover=&#8221;on&#8221; custom_padding__hover=&#8221;|||&#8221;][et_pb_sidebar orientation=&#8221;right&#8221; _builder_version=&#8221;4.16&#8243; global_colors_info=&#8221;{}&#8221;][\/et_pb_sidebar][\/et_pb_column][\/et_pb_section]<\/p>\n","protected":false},"excerpt":{"rendered":"<p>Nuovo Premio ambientale ACAA per le riserve Sempre pi\u00f9 riserve della provincia sono attive con interventi e progetti a favore della nostra fauna selvatica. Partecipano a campagne di sensibilizzazione per [&hellip;]<\/p>\n","protected":false},"author":1,"featured_media":0,"parent":0,"menu_order":0,"comment_status":"closed","ping_status":"closed","template":"","meta":{"_et_pb_use_builder":"on","_et_pb_old_content":"","_et_gb_content_width":""},"yoast_head":"<!-- This site is optimized with the Yoast SEO plugin v19.6 - https:\/\/yoast.com\/wordpress\/plugins\/seo\/ -->\n<title>Premio ambientale - S\u00fcdtiroler Jagdverband<\/title>\n<meta name=\"robots\" content=\"index, follow, max-snippet:-1, max-image-preview:large, max-video-preview:-1\" \/>\n<link rel=\"canonical\" href=\"https:\/\/jagdverband.it\/it\/premio-ambientale-goldene-auerhenne\/\" \/>\n<meta property=\"og:locale\" content=\"it_IT\" \/>\n<meta property=\"og:type\" content=\"article\" \/>\n<meta property=\"og:title\" content=\"Premio ambientale - S\u00fcdtiroler Jagdverband\" \/>\n<meta property=\"og:description\" content=\"Nuovo Premio ambientale ACAA per le riserve Sempre pi\u00f9 riserve della provincia sono attive con interventi e progetti a favore della nostra fauna selvatica. Partecipano a campagne di sensibilizzazione per [&hellip;]\" \/>\n<meta property=\"og:url\" content=\"https:\/\/jagdverband.it\/it\/premio-ambientale-goldene-auerhenne\/\" \/>\n<meta property=\"og:site_name\" content=\"S\u00fcdtiroler Jagdverband\" \/>\n<meta property=\"article:modified_time\" content=\"2026-08-17T09:52:40+00:00\" \/>\n<meta property=\"og:image\" content=\"https:\/\/jagdverband.it\/wp-content\/uploads\/2026\/08\/Goldene-Auerhenne-2026-Gsies-Kitzrettung.jpg\" \/>\n<meta name=\"twitter:card\" content=\"summary\" \/>\n<meta name=\"twitter:label1\" content=\"Tempo di lettura stimato\" \/>\n\t<meta name=\"twitter:data1\" content=\"16 minuti\" \/>\n<script type=\"application\/ld+json\" class=\"yoast-schema-graph\">{\"@context\":\"https:\/\/schema.org\",\"@graph\":[{\"@type\":\"WebPage\",\"@id\":\"https:\/\/jagdverband.it\/it\/premio-ambientale-goldene-auerhenne\/\",\"url\":\"https:\/\/jagdverband.it\/it\/premio-ambientale-goldene-auerhenne\/\",\"name\":\"Premio ambientale - S\u00fcdtiroler Jagdverband\",\"isPartOf\":{\"@id\":\"https:\/\/jagdverband.it\/it\/#website\"},\"datePublished\":\"2024-05-29T05:45:32+00:00\",\"dateModified\":\"2026-08-17T09:52:40+00:00\",\"breadcrumb\":{\"@id\":\"https:\/\/jagdverband.it\/it\/premio-ambientale-goldene-auerhenne\/#breadcrumb\"},\"inLanguage\":\"it-IT\",\"potentialAction\":[{\"@type\":\"ReadAction\",\"target\":[\"https:\/\/jagdverband.it\/it\/premio-ambientale-goldene-auerhenne\/\"]}]},{\"@type\":\"BreadcrumbList\",\"@id\":\"https:\/\/jagdverband.it\/it\/premio-ambientale-goldene-auerhenne\/#breadcrumb\",\"itemListElement\":[{\"@type\":\"ListItem\",\"position\":1,\"name\":\"Home\",\"item\":\"https:\/\/jagdverband.it\/it\/\"},{\"@type\":\"ListItem\",\"position\":2,\"name\":\"Premio ambientale\"}]},{\"@type\":\"WebSite\",\"@id\":\"https:\/\/jagdverband.it\/it\/#website\",\"url\":\"https:\/\/jagdverband.it\/it\/\",\"name\":\"S\u00fcdtiroler Jagdverband\",\"description\":\"S\u00fcdtiroler Jagdverband\",\"publisher\":{\"@id\":\"https:\/\/jagdverband.it\/it\/#organization\"},\"potentialAction\":[{\"@type\":\"SearchAction\",\"target\":{\"@type\":\"EntryPoint\",\"urlTemplate\":\"https:\/\/jagdverband.it\/it\/?s={search_term_string}\"},\"query-input\":\"required name=search_term_string\"}],\"inLanguage\":\"it-IT\"},{\"@type\":\"Organization\",\"@id\":\"https:\/\/jagdverband.it\/it\/#organization\",\"name\":\"S\u00fcdtiroler Jagdverband\",\"url\":\"https:\/\/jagdverband.it\/it\/\",\"sameAs\":[],\"logo\":{\"@type\":\"ImageObject\",\"inLanguage\":\"it-IT\",\"@id\":\"https:\/\/jagdverband.it\/it\/#\/schema\/logo\/image\/\",\"url\":\"\",\"contentUrl\":\"\",\"caption\":\"S\u00fcdtiroler Jagdverband\"},\"image\":{\"@id\":\"https:\/\/jagdverband.it\/it\/#\/schema\/logo\/image\/\"}}]}<\/script>\n<!-- \/ Yoast SEO plugin. -->","yoast_head_json":{"title":"Premio ambientale - S\u00fcdtiroler Jagdverband","robots":{"index":"index","follow":"follow","max-snippet":"max-snippet:-1","max-image-preview":"max-image-preview:large","max-video-preview":"max-video-preview:-1"},"canonical":"https:\/\/jagdverband.it\/it\/premio-ambientale-goldene-auerhenne\/","og_locale":"it_IT","og_type":"article","og_title":"Premio ambientale - S\u00fcdtiroler Jagdverband","og_description":"Nuovo Premio ambientale ACAA per le riserve Sempre pi\u00f9 riserve della provincia sono attive con interventi e progetti a favore della nostra fauna selvatica. Partecipano a campagne di sensibilizzazione per [&hellip;]","og_url":"https:\/\/jagdverband.it\/it\/premio-ambientale-goldene-auerhenne\/","og_site_name":"S\u00fcdtiroler Jagdverband","article_modified_time":"2026-08-17T09:52:40+00:00","og_image":[{"url":"https:\/\/jagdverband.it\/wp-content\/uploads\/2026\/08\/Goldene-Auerhenne-2026-Gsies-Kitzrettung.jpg"}],"twitter_card":"summary","twitter_misc":{"Tempo di lettura stimato":"16 minuti"},"schema":{"@context":"https:\/\/schema.org","@graph":[{"@type":"WebPage","@id":"https:\/\/jagdverband.it\/it\/premio-ambientale-goldene-auerhenne\/","url":"https:\/\/jagdverband.it\/it\/premio-ambientale-goldene-auerhenne\/","name":"Premio ambientale - S\u00fcdtiroler Jagdverband","isPartOf":{"@id":"https:\/\/jagdverband.it\/it\/#website"},"datePublished":"2024-05-29T05:45:32+00:00","dateModified":"2026-08-17T09:52:40+00:00","breadcrumb":{"@id":"https:\/\/jagdverband.it\/it\/premio-ambientale-goldene-auerhenne\/#breadcrumb"},"inLanguage":"it-IT","potentialAction":[{"@type":"ReadAction","target":["https:\/\/jagdverband.it\/it\/premio-ambientale-goldene-auerhenne\/"]}]},{"@type":"BreadcrumbList","@id":"https:\/\/jagdverband.it\/it\/premio-ambientale-goldene-auerhenne\/#breadcrumb","itemListElement":[{"@type":"ListItem","position":1,"name":"Home","item":"https:\/\/jagdverband.it\/it\/"},{"@type":"ListItem","position":2,"name":"Premio ambientale"}]},{"@type":"WebSite","@id":"https:\/\/jagdverband.it\/it\/#website","url":"https:\/\/jagdverband.it\/it\/","name":"S\u00fcdtiroler Jagdverband","description":"S\u00fcdtiroler Jagdverband","publisher":{"@id":"https:\/\/jagdverband.it\/it\/#organization"},"potentialAction":[{"@type":"SearchAction","target":{"@type":"EntryPoint","urlTemplate":"https:\/\/jagdverband.it\/it\/?s={search_term_string}"},"query-input":"required name=search_term_string"}],"inLanguage":"it-IT"},{"@type":"Organization","@id":"https:\/\/jagdverband.it\/it\/#organization","name":"S\u00fcdtiroler Jagdverband","url":"https:\/\/jagdverband.it\/it\/","sameAs":[],"logo":{"@type":"ImageObject","inLanguage":"it-IT","@id":"https:\/\/jagdverband.it\/it\/#\/schema\/logo\/image\/","url":"","contentUrl":"","caption":"S\u00fcdtiroler Jagdverband"},"image":{"@id":"https:\/\/jagdverband.it\/it\/#\/schema\/logo\/image\/"}}]}},"_links":{"self":[{"href":"https:\/\/jagdverband.it\/it\/wp-json\/wp\/v2\/pages\/77346"}],"collection":[{"href":"https:\/\/jagdverband.it\/it\/wp-json\/wp\/v2\/pages"}],"about":[{"href":"https:\/\/jagdverband.it\/it\/wp-json\/wp\/v2\/types\/page"}],"author":[{"embeddable":true,"href":"https:\/\/jagdverband.it\/it\/wp-json\/wp\/v2\/users\/1"}],"replies":[{"embeddable":true,"href":"https:\/\/jagdverband.it\/it\/wp-json\/wp\/v2\/comments?post=77346"}],"version-history":[{"count":22,"href":"https:\/\/jagdverband.it\/it\/wp-json\/wp\/v2\/pages\/77346\/revisions"}],"predecessor-version":[{"id":87515,"href":"https:\/\/jagdverband.it\/it\/wp-json\/wp\/v2\/pages\/77346\/revisions\/87515"}],"wp:attachment":[{"href":"https:\/\/jagdverband.it\/it\/wp-json\/wp\/v2\/media?parent=77346"}],"curies":[{"name":"wp","href":"https:\/\/api.w.org\/{rel}","templated":true}]}}