{"id":66342,"date":"2021-11-23T10:21:57","date_gmt":"2021-11-23T09:21:57","guid":{"rendered":"https:\/\/jagdverband.it\/wildtiere-im-winter-copy\/"},"modified":"2024-02-16T13:17:42","modified_gmt":"2024-02-16T12:17:42","slug":"fauna-selvatica-in-inverno","status":"publish","type":"page","link":"https:\/\/jagdverband.it\/it\/fauna-selvatica-in-inverno\/","title":{"rendered":"La fauna selvatica in inverno"},"content":{"rendered":"<p>[et_pb_section fb_built=&#8221;1&#8243; fullwidth=&#8221;on&#8221; admin_label=&#8221;Call to Action&#8221; _builder_version=&#8221;4.16&#8243; custom_padding=&#8221;0px|0px|0|0px|false|false&#8221; animation_direction=&#8221;bottom&#8221; locked=&#8221;off&#8221; global_colors_info=&#8221;{}&#8221;][et_pb_fullwidth_header title=&#8221;La fauna selvatica in inverno&#8221; _builder_version=&#8221;4.16&#8243; title_level=&#8221;h2&#8243; title_font=&#8221;||||||||&#8221; title_text_align=&#8221;left&#8221; title_font_size=&#8221;40px&#8221; content_font=&#8221;||||||||&#8221; content_font_size=&#8221;20px&#8221; content_line_height=&#8221;1.8em&#8221; subhead_font=&#8221;||||||||&#8221; background_color=&#8221;rgba(255,255,255,0)&#8221; background_color_gradient_direction=&#8221;90deg&#8221; background_image=&#8221;https:\/\/jagdverband.it\/wp-content\/uploads\/2018\/09\/WildUndLebensraum.jpg&#8221; custom_button_one=&#8221;on&#8221; button_one_text_size=&#8221;18px&#8221; button_one_bg_color=&#8221;#02d002&#8243; button_one_border_width=&#8221;8px&#8221; button_one_border_color=&#8221;#02d002&#8243; button_one_border_radius=&#8221;0px&#8221; button_one_letter_spacing=&#8221;1px&#8221; button_one_font=&#8221;Lato|700|||||||&#8221; button_one_use_icon=&#8221;off&#8221; custom_button_two=&#8221;on&#8221; button_two_text_size=&#8221;18px&#8221; button_two_text_color=&#8221;#353740&#8243; button_two_bg_color=&#8221;#ffffff&#8221; button_two_border_width=&#8221;8px&#8221; button_two_border_color=&#8221;#ffffff&#8221; button_two_border_radius=&#8221;0px&#8221; button_two_letter_spacing=&#8221;1px&#8221; button_two_font=&#8221;Lato|700|||||||&#8221; button_two_use_icon=&#8221;off&#8221; custom_margin=&#8221;|||&#8221; custom_padding=&#8221;5%||5%|&#8221; hover_transition_duration=&#8221;0ms&#8221; hover_transition_speed_curve=&#8221;linear&#8221; title_font_size_tablet=&#8221;35px&#8221; title_font_size_phone=&#8221;30px&#8221; title_font_size_last_edited=&#8221;on|phone&#8221; button_one_letter_spacing_hover=&#8221;1px&#8221; button_two_letter_spacing_hover=&#8221;1px&#8221; global_colors_info=&#8221;{}&#8221; button_one_text_size__hover_enabled=&#8221;off&#8221; button_two_text_size__hover_enabled=&#8221;off&#8221; button_one_text_color__hover_enabled=&#8221;off&#8221; button_two_text_color__hover_enabled=&#8221;off&#8221; button_one_border_width__hover_enabled=&#8221;off&#8221; button_two_border_width__hover_enabled=&#8221;off&#8221; button_one_border_color__hover_enabled=&#8221;off&#8221; button_two_border_color__hover_enabled=&#8221;off&#8221; button_one_border_radius__hover_enabled=&#8221;off&#8221; button_two_border_radius__hover_enabled=&#8221;off&#8221; button_one_letter_spacing__hover_enabled=&#8221;on&#8221; button_one_letter_spacing__hover=&#8221;1px&#8221; button_two_letter_spacing__hover_enabled=&#8221;on&#8221; button_two_letter_spacing__hover=&#8221;1px&#8221; button_one_bg_color__hover_enabled=&#8221;off&#8221; button_two_bg_color__hover_enabled=&#8221;off&#8221;][\/et_pb_fullwidth_header][\/et_pb_section][et_pb_section fb_built=&#8221;1&#8243; specialty=&#8221;on&#8221; _builder_version=&#8221;4.16&#8243; custom_padding=&#8221;9px|0px|0|0px|false|false&#8221; global_colors_info=&#8221;{}&#8221;][et_pb_column type=&#8221;3_4&#8243; specialty_columns=&#8221;3&#8243; _builder_version=&#8221;4.16&#8243; custom_padding=&#8221;|||&#8221; global_colors_info=&#8221;{}&#8221; parallax__hover=&#8221;off&#8221; parallax_method__hover=&#8221;on&#8221; custom_padding__hover=&#8221;|||&#8221;][et_pb_row_inner _builder_version=&#8221;4.16&#8243; custom_margin=&#8221;10px||-23px||false|false&#8221; custom_padding=&#8221;13px|0px|0.9px|0px|false|false&#8221; global_colors_info=&#8221;{}&#8221;][et_pb_column_inner saved_specialty_column_type=&#8221;3_4&#8243; _builder_version=&#8221;4.16&#8243; custom_padding=&#8221;|||&#8221; global_colors_info=&#8221;{}&#8221; parallax__hover=&#8221;off&#8221; parallax_method__hover=&#8221;on&#8221; custom_padding__hover=&#8221;|||&#8221;][et_pb_text _builder_version=&#8221;4.16&#8243; global_colors_info=&#8221;{}&#8221;]<\/p>\n<h1><strong>La fauna selvatica in inverno<\/strong><\/h1>\n<p>[\/et_pb_text][et_pb_text _builder_version=&#8221;4.16&#8243; text_font=&#8221;||||||||&#8221; text_line_height=&#8221;1.8em&#8221; header_font=&#8221;||||||||&#8221; custom_margin=&#8221;||15px|||&#8221; custom_padding=&#8221;||0px|||&#8221; animation_direction=&#8221;left&#8221; global_colors_info=&#8221;{}&#8221;]<\/p>\n<p>Scarsit\u00e0 di cibo, freddo pungente, neve. Gli animali selvatici si sono adattati alle dure condizioni invernali nel corso di migliaia di anni. Indossano pellicce o piume isolanti, riducono i movimenti al minimo indispensabile, rallentano il loro metabolismo e alcune specie riducono persino le dimensioni dei loro organi interni &#8211; tutto per risparmiare quanta pi\u00f9 energia possibile.<\/p>\n<p>L&#8217;energia \u00e8 il bene pi\u00f9 prezioso degli animali selvatici. La ricavano dal cibo e ne necessitano per il mantenimento della temperatura corporea e del metabolismo. In inverno, tuttavia, il cibo \u00e8 scarso. I pochi steli e germogli secchi che la selvaggina trova non forniscono molta energia. Gli animali allora intaccano le riserve di grasso che hanno accumulato durante l&#8217;estate. Ogni movimento consuma queste riserve.<\/p>\n<p>[\/et_pb_text][\/et_pb_column_inner][\/et_pb_row_inner][et_pb_row_inner _builder_version=&#8221;4.16&#8243; global_colors_info=&#8221;{}&#8221;][et_pb_column_inner saved_specialty_column_type=&#8221;3_4&#8243; _builder_version=&#8221;4.16&#8243; global_colors_info=&#8221;{}&#8221;][et_pb_image src=&#8221;https:\/\/jagdverband.it\/wp-content\/uploads\/2021\/11\/auerhahn_gottfriedmair-4.jpg&#8221; _builder_version=&#8221;4.16&#8243; global_colors_info=&#8221;{}&#8221;][\/et_pb_image][\/et_pb_column_inner][\/et_pb_row_inner][et_pb_row_inner _builder_version=&#8221;4.16&#8243; custom_margin=&#8221;||||false|false&#8221; custom_padding=&#8221;13px|0px|0.9px|0px|false|false&#8221; global_colors_info=&#8221;{}&#8221;][et_pb_column_inner saved_specialty_column_type=&#8221;3_4&#8243; _builder_version=&#8221;4.16&#8243; custom_padding=&#8221;|||&#8221; global_colors_info=&#8221;{}&#8221; parallax__hover=&#8221;off&#8221; parallax_method__hover=&#8221;on&#8221; custom_padding__hover=&#8221;|||&#8221;][et_pb_text _builder_version=&#8221;4.16&#8243; text_font=&#8221;||||||||&#8221; text_line_height=&#8221;1.8em&#8221; header_font=&#8221;||||||||&#8221; animation_direction=&#8221;left&#8221; global_colors_info=&#8221;{}&#8221;]<\/p>\n<h1><span style=\"color: #ff9900;\"><strong>Conseguenze del disturbo<\/strong> <\/span><\/h1>\n<p>In inverno, disturbi frequenti hanno un effetto particolarmente devastante sulla fauna selvatica, perch\u00e9 disturbo significa stress. E lo stress costa energia. A seconda del tipo di disturbo, gli animali selvatici si mettono in allerta o si danno alla fuga. Fuggire richiede molta energia, soprattutto quando ci si deve fare largo attraverso la neve, che spesso \u00e8 profonda metri. Dopo, ci vuole spesso molto tempo perch\u00e9 il selvatico si calmi e ricominci a nutrirsi. Se tali disturbi si verificano pi\u00f9 frequentemente, a lungo termine possono avere conseguenze dannose per gli animali. Le loro condizioni fisiche si deteriorano, diventano pi\u00f9 soggetti alle malattie e possono anche morire per sfinimento.<\/p>\n<p>[\/et_pb_text][\/et_pb_column_inner][\/et_pb_row_inner][et_pb_row_inner _builder_version=&#8221;4.16&#8243; global_colors_info=&#8221;{}&#8221;][et_pb_column_inner saved_specialty_column_type=&#8221;3_4&#8243; _builder_version=&#8221;4.16&#8243; global_colors_info=&#8221;{}&#8221;][et_pb_image src=&#8221;https:\/\/jagdverband.it\/wp-content\/uploads\/2021\/11\/Winter-\u00a9-Suedtiroler-Jagdverband-Grassi-Renato-DSC_9522.jpg&#8221; _builder_version=&#8221;4.16&#8243; global_colors_info=&#8221;{}&#8221;][\/et_pb_image][\/et_pb_column_inner][\/et_pb_row_inner][et_pb_row_inner _builder_version=&#8221;4.16&#8243; custom_margin=&#8221;||||false|false&#8221; custom_padding=&#8221;13px|0px|0.9px|0px|false|false&#8221; global_colors_info=&#8221;{}&#8221;][et_pb_column_inner saved_specialty_column_type=&#8221;3_4&#8243; _builder_version=&#8221;4.16&#8243; custom_padding=&#8221;|||&#8221; global_colors_info=&#8221;{}&#8221; parallax__hover=&#8221;off&#8221; parallax_method__hover=&#8221;on&#8221; custom_padding__hover=&#8221;|||&#8221;][et_pb_text _builder_version=&#8221;4.16&#8243; text_font=&#8221;||||||||&#8221; text_line_height=&#8221;1.8em&#8221; header_font=&#8221;||||||||&#8221; animation_direction=&#8221;left&#8221; global_colors_info=&#8221;{}&#8221;]<\/p>\n<h1><strong>Effetto di assuefazione, s\u00ec e no <\/strong><\/h1>\n<p>Alcune specie di selvaggina, come i camosci, possono abituarsi a un certo disturbo. Lungo i percorsi escursionistici o scialpinistici pi\u00f9 frequentati, per esempio, i disturbi sono diventati relativamente <strong>prevedibili<\/strong> per gli animali ed essi reagiscono meno sensibilmente nel tempo. Nel migliore dei casi, gli animali hanno un rifugio sicuro dal quale possono osservare quel che accade.<\/p>\n<p>Diventa pi\u00f9 difficile per loro gestire <strong>disturbi improvvisi e imprevedibili<\/strong>, come \u00e8 spesso il caso di sciatori e scialpinisti che si palesano inaspettatamente. Ad ogni disturbo, gli animali si sentono pi\u00f9 stressati. Possono anche arrivare al punto di abbandonare i loro luoghi di riparo e di alimentazione e di ritirarsi completamente da un territorio. <strong>La fauna selvatica reagisce particolarmente negativamente ai disturbi fuori dai sentieri tracciati, ai disturbi provenienti dall&#8217;alto (sciatori, parapendii), ai gruppi rumorosi e ai cani.<\/strong><\/p>\n<p>[\/et_pb_text][\/et_pb_column_inner][\/et_pb_row_inner][et_pb_row_inner _builder_version=&#8221;4.16&#8243; global_colors_info=&#8221;{}&#8221;][et_pb_column_inner saved_specialty_column_type=&#8221;3_4&#8243; _builder_version=&#8221;4.16&#8243; global_colors_info=&#8221;{}&#8221;][et_pb_image src=&#8221;https:\/\/jagdverband.it\/wp-content\/uploads\/2021\/11\/backcountry-skiiing-g2789ba166_1920.jpg&#8221; _builder_version=&#8221;4.16&#8243; global_colors_info=&#8221;{}&#8221;][\/et_pb_image][\/et_pb_column_inner][\/et_pb_row_inner][et_pb_row_inner _builder_version=&#8221;4.16&#8243; custom_margin=&#8221;||10px||false|false&#8221; custom_padding=&#8221;13px|0px|0.9px|0px|false|false&#8221; global_colors_info=&#8221;{}&#8221;][et_pb_column_inner saved_specialty_column_type=&#8221;3_4&#8243; _builder_version=&#8221;4.16&#8243; custom_padding=&#8221;|||&#8221; global_colors_info=&#8221;{}&#8221; parallax__hover=&#8221;off&#8221; parallax_method__hover=&#8221;on&#8221; custom_padding__hover=&#8221;|||&#8221;][et_pb_text _builder_version=&#8221;4.16&#8243; text_font=&#8221;||||||||&#8221; text_line_height=&#8221;1.8em&#8221; header_font=&#8221;||||||||&#8221; animation_direction=&#8221;left&#8221; global_colors_info=&#8221;{}&#8221;]<\/p>\n<h1><span style=\"color: #ff9900;\"><strong>Portare rispetto, ma come?<\/strong><\/span><\/h1>\n<p>Che tu sia un cacciatore o uno sportivo amatoriale, il tuo comportamento nella natura ha sempre un impatto. Con un po&#8217; di attenzione, \u00e8 possibile evitare di disturbare la fauna selvatica. Questo a cominciare dalla pianificazione del tuo tour.<\/p>\n<p>[\/et_pb_text][\/et_pb_column_inner][\/et_pb_row_inner][et_pb_row_inner _builder_version=&#8221;4.16&#8243; custom_margin=&#8221;||10px||false|false&#8221; custom_padding=&#8221;13px|0px|0.9px|0px|false|false&#8221; global_colors_info=&#8221;{}&#8221;][et_pb_column_inner saved_specialty_column_type=&#8221;3_4&#8243; _builder_version=&#8221;4.16&#8243; custom_padding=&#8221;|||&#8221; global_colors_info=&#8221;{}&#8221; parallax__hover=&#8221;off&#8221; parallax_method__hover=&#8221;on&#8221; custom_padding__hover=&#8221;|||&#8221;][et_pb_text _builder_version=&#8221;4.16&#8243; text_font=&#8221;||||||||&#8221; text_line_height=&#8221;1.8em&#8221; header_font=&#8221;||||||||&#8221; animation_direction=&#8221;left&#8221; border_width_all=&#8221;4px&#8221; border_color_all=&#8221;#e09900&#8243; border_style_all=&#8221;dashed&#8221; global_colors_info=&#8221;{}&#8221;]<\/p>\n<p>&nbsp;<\/p>\n<p style=\"text-align: center;\"><strong>Con queste semplici regole possiamo fare molto per proteggere la fauna selvatica.<\/strong><\/p>\n<p style=\"text-align: center;\"><span style=\"color: #ff9900;\"><strong>Rimanere sui sentieri escursionistici e forestali designati. <br \/><\/strong><\/span>In questo modo, i disturbi sono limitati a certe zone e la selvaggina conserva i suoi importanti luoghi di ritiro.<\/p>\n<p style=\"text-align: center;\"><strong><span style=\"color: #ff9900;\">Evitare le ore del crepuscolo e della notte.<\/span> <br \/><\/strong>Molti animali selvatici si nutrono principalmente durante le ore del crepuscolo. I disturbi hanno allora un effetto particolarmente dannoso, <br \/>perch\u00e9 interrompe per un certo tempo l&#8217;alimentazione.<\/p>\n<p style=\"text-align: center;\"><span style=\"color: #ff9900;\"><strong>Evitare le zone rocciose e senza neve sopra il limite del bosco.<\/strong><\/span> <br \/>Questi luoghi sono particolarmente apprezzati dagli animali selvatici.<\/p>\n<p style=\"text-align: center;\"><strong><span style=\"color: #ff9900;\">Mantenere le distanze. Se vedete un animale selvatico, ritiratevi lentamente.<\/span> <br \/><\/strong>Alcuni animali, sorprendentemente, permettono all\u2019uomo di avvicinarsi o si allontanano solo lentamente. <br \/>Questo non dovrebbe mai essere scambiato per familiarit\u00e0! Gli animali sono enormemente stressati in questo momento <br \/>e spesso gi\u00e0 troppo indeboliti per darsi a una rapida fuga.<\/p>\n<p style=\"text-align: center;\"><span style=\"color: #ff9900;\"><strong>Per favore, tieni il tuo cane al guinzaglio.<br \/><\/strong><\/span><\/p>\n<p>&nbsp;<\/p>\n<p style=\"text-align: center;\">[\/et_pb_text][\/et_pb_column_inner][\/et_pb_row_inner][et_pb_row_inner _builder_version=&#8221;4.16&#8243; global_colors_info=&#8221;{}&#8221;][et_pb_column_inner saved_specialty_column_type=&#8221;3_4&#8243; _builder_version=&#8221;4.16&#8243; global_colors_info=&#8221;{}&#8221;][et_pb_image src=&#8221;https:\/\/jagdverband.it\/wp-content\/uploads\/2021\/11\/Freiheit-mit-Ruecksicht.jpg&#8221; _builder_version=&#8221;4.16&#8243; global_colors_info=&#8221;{}&#8221;][\/et_pb_image][\/et_pb_column_inner][\/et_pb_row_inner][et_pb_row_inner _builder_version=&#8221;4.16&#8243; custom_margin=&#8221;||10px||false|false&#8221; custom_padding=&#8221;13px|0px|0.9px|0px|false|false&#8221; global_colors_info=&#8221;{}&#8221;][et_pb_column_inner saved_specialty_column_type=&#8221;3_4&#8243; _builder_version=&#8221;4.16&#8243; custom_padding=&#8221;|||&#8221; global_colors_info=&#8221;{}&#8221; parallax__hover=&#8221;off&#8221; parallax_method__hover=&#8221;on&#8221; custom_padding__hover=&#8221;|||&#8221;][et_pb_text _builder_version=&#8221;4.16&#8243; text_font=&#8221;||||||||&#8221; text_line_height=&#8221;1.8em&#8221; header_font=&#8221;||||||||&#8221; animation_direction=&#8221;left&#8221; global_colors_info=&#8221;{}&#8221;]<\/p>\n<h1><span style=\"color: #ff9900;\"><strong>Campagna dell&#8217;Alto Adige &#8211; Libert\u00e0 e rispetto<\/strong><\/span><\/h1>\n<p>Nel 2010 \u00e8 stata lanciata la campagna provinciale &#8220;libert\u00e0 e rispetto&#8221;. L&#8217;obiettivo della campagna \u00e8 quello di educare gli appassionati di montagna alla protezione della fauna selvatica. Il Club Alpino Sudtirolese, la Provincia Autonoma di Bolzano e l&#8217;Associazione Cacciatori Alto Adige lavorano in stretta collaborazione.<\/p>\n<p>Nell&#8217;ambito della campagna, sono stati elaborati dei <strong>pannelli informativi<\/strong> e collocati presso i <strong>punti di partenza per le escursioni invernali<\/strong> pi\u00f9 frequentati. I cartelloni offrono una panoramica dell&#8217;area turistica e mostrano i <strong>percorsi raccomandati per gli scialpinisti e gli escursionisti con le racchette da neve<\/strong>. Inoltre, sono indicate le aree che offrono riparo alla fauna selvatica e che quindi non dovrebbero essere percorse o calpestate. Inoltre, ricordano le <strong>raccomandazioni comportamentali<\/strong> pi\u00f9 importanti e gli interessati troveranno una breve descrizione delle esigenze della fauna selvatica in inverno.<\/p>\n<p>Non solo al punto di partenza, ma anche lungo i percorsi pi\u00f9 utilizzati sono installati piccoli cartelli. Indicano al visitatore il <strong>percorso pi\u00f9 rispettoso della natura<\/strong>.<\/p>\n<p>Queste misure di informazione e di sensibilizzazione sono gi\u00e0 state attuate nei territori di Mazia, Lazfons\/Velturno e Prato Piazza\/Braies. A Racines, le categorie del turismo, degli sport di montagna e della caccia stanno attualmente lavorando alla realizzazione di un concetto anche per la Valle di Racines.<\/p>\n<p>[\/et_pb_text][\/et_pb_column_inner][\/et_pb_row_inner][et_pb_row_inner column_structure=&#8221;1_3,1_3,1_3&#8243; _builder_version=&#8221;4.16&#8243; _module_preset=&#8221;default&#8221; global_colors_info=&#8221;{}&#8221;][et_pb_column_inner type=&#8221;1_3&#8243; saved_specialty_column_type=&#8221;3_4&#8243; _builder_version=&#8221;4.16&#8243; _module_preset=&#8221;default&#8221; global_colors_info=&#8221;{}&#8221;][et_pb_image src=&#8221;https:\/\/jagdverband.it\/wp-content\/uploads\/2021\/11\/Plaetzwiese.jpg&#8221; title_text=&#8221;OLYMPUS DIGITAL CAMERA&#8221; show_in_lightbox=&#8221;on&#8221; _builder_version=&#8221;4.16&#8243; _module_preset=&#8221;default&#8221; global_colors_info=&#8221;{}&#8221;][\/et_pb_image][et_pb_text _builder_version=&#8221;4.16&#8243; _module_preset=&#8221;default&#8221; global_colors_info=&#8221;{}&#8221;]<\/p>\n<p>I pannelli informativi della campagna &#8220;Libert\u00e0 e rispetto&#8221; si trovano nei punti di partenza di sentieri molto battuti e frequentati. Indicano i percorsi, le aree di riparo della fauna selvatica e forniscono informazioni sui diversi animali selvatici e sulle loro esigenze.<\/p>\n<p>[\/et_pb_text][\/et_pb_column_inner][et_pb_column_inner type=&#8221;1_3&#8243; saved_specialty_column_type=&#8221;3_4&#8243; _builder_version=&#8221;4.16&#8243; _module_preset=&#8221;default&#8221; global_colors_info=&#8221;{}&#8221;][et_pb_image src=&#8221;https:\/\/jagdverband.it\/wp-content\/uploads\/2021\/11\/Web-Lenkungstafeln.jpg&#8221; title_text=&#8221;OLYMPUS DIGITAL CAMERA&#8221; show_in_lightbox=&#8221;on&#8221; _builder_version=&#8221;4.16&#8243; _module_preset=&#8221;default&#8221; global_colors_info=&#8221;{}&#8221;][\/et_pb_image][et_pb_text _builder_version=&#8221;4.16&#8243; _module_preset=&#8221;default&#8221; global_colors_info=&#8221;{}&#8221;]<\/p>\n<p>La segnaletica indica il percorso pi\u00f9 rispettoso della natura.<\/p>\n<p>[\/et_pb_text][\/et_pb_column_inner][et_pb_column_inner type=&#8221;1_3&#8243; saved_specialty_column_type=&#8221;3_4&#8243; _builder_version=&#8221;4.16&#8243; _module_preset=&#8221;default&#8221; global_colors_info=&#8221;{}&#8221;][et_pb_image src=&#8221;https:\/\/jagdverband.it\/wp-content\/uploads\/2018\/09\/Hier-wohnen-wir-Wild-Im-Winter.jpg&#8221; title_text=&#8221;Hier wohnen wir Wild Im Winter&#8221; show_in_lightbox=&#8221;on&#8221; _builder_version=&#8221;4.16&#8243; _module_preset=&#8221;default&#8221; global_colors_info=&#8221;{}&#8221;][\/et_pb_image][et_pb_text _builder_version=&#8221;4.16&#8243; _module_preset=&#8221;default&#8221; global_colors_info=&#8221;{}&#8221;]<\/p>\n<h4><strong>Campagna supplementare &#8211; Qui viviamo noi<\/strong><\/h4>\n<p>Nell\u2019\u201cinverno del Coronavirus&#8221; 2021\/21, gli impianti di risalita della provincia erano chiusi e in montagna, in mezzo alla natura, c&#8217;erano pi\u00f9 escursionisti che mai. Per questa ragione, l&#8217;Associazione Cacciatori Alto Adige ha lanciato la campagna &#8220;Qui viviamo noi&#8221;, come parte della campagna provinciale &#8220;Libert\u00e0 e rispetto&#8221;. Le riserve di caccia con una pressione di visitatori particolarmente alta hanno installato dei pannelli informativi lungo i percorsi molto frequentati per attirare l&#8217;attenzione degli escursionisti sul tema della &#8220;fauna selvatica in inverno&#8221;.<\/p>\n<p>[\/et_pb_text][\/et_pb_column_inner][\/et_pb_row_inner][et_pb_row_inner disabled_on=&#8221;off|off|off&#8221; _builder_version=&#8221;4.16&#8243; _module_preset=&#8221;default&#8221; custom_margin=&#8221;-25px||||false|false&#8221; global_colors_info=&#8221;{}&#8221;][et_pb_column_inner saved_specialty_column_type=&#8221;3_4&#8243; _builder_version=&#8221;4.16&#8243; _module_preset=&#8221;default&#8221; global_colors_info=&#8221;{}&#8221;][et_pb_text _builder_version=&#8221;4.16&#8243; text_font=&#8221;||||||||&#8221; text_line_height=&#8221;1.8em&#8221; header_font=&#8221;||||||||&#8221; animation_direction=&#8221;left&#8221; global_colors_info=&#8221;{}&#8221;]<\/p>\n<h1><span style=\"color: #ff9900;\"><strong>Aree di progetto<\/strong><\/span><span style=\"color: #ff9900;\"><br \/><\/span><\/h1>\n<p>La mappa sottostante mostra le zone dell\u2019Alto Adige dove \u00e8 gi\u00e0 stato elaborato ed implementato un progetto all\u2019interno della campagna di sensibilizzazione &#8220;Libert\u00e0 e rispetto&#8221;. In ogni area di progetto \u00e8 stato collocato un <strong>pannello informativo con le raccomandazioni per le escursioni nella natura<\/strong>.<strong> Le tavole possono essere scaricate anche ai link sottostanti in formato PDF<\/strong> e sono destinate a supportare a casa la pianificazione di un tour rispettoso delle esigenze della fauna selvatica.<\/p>\n<p>[\/et_pb_text][et_pb_image src=&#8221;https:\/\/jagdverband.it\/wp-content\/uploads\/2021\/12\/FmR-Suedtirolkarte-scaled.jpg&#8221; title_text=&#8221;FmR S\u00fcdtirolkarte&#8221; show_in_lightbox=&#8221;on&#8221; _builder_version=&#8221;4.16&#8243; _module_preset=&#8221;default&#8221; global_colors_info=&#8221;{}&#8221;][\/et_pb_image][\/et_pb_column_inner][\/et_pb_row_inner][et_pb_row_inner column_structure=&#8221;1_3,1_3,1_3&#8243; disabled_on=&#8221;off|off|off&#8221; _builder_version=&#8221;4.16&#8243; _module_preset=&#8221;default&#8221; custom_margin=&#8221;-25px||||false|false&#8221; global_colors_info=&#8221;{}&#8221;][et_pb_column_inner type=&#8221;1_3&#8243; saved_specialty_column_type=&#8221;3_4&#8243; _builder_version=&#8221;4.16&#8243; _module_preset=&#8221;default&#8221; global_colors_info=&#8221;{}&#8221;][et_pb_text _builder_version=&#8221;4.16&#8243; _module_preset=&#8221;default&#8221; global_colors_info=&#8221;{}&#8221;]<\/p>\n<h4><span style=\"color: #333333;\">Area di progetto 1<\/span><\/h4>\n<ul>\n<li>Mazia &#8211; <a href=\"https:\/\/jagdverband.it\/wp-content\/uploads\/2021\/12\/1_Portlesspitze.pdf\">Portlesspitze<\/a><\/li>\n<li>Mazia &#8211; <a href=\"https:\/\/jagdverband.it\/wp-content\/uploads\/2021\/12\/1_Hochjoch.pdf\">Hochjoch<\/a><\/li>\n<li>Mazia &#8211; <a href=\"https:\/\/jagdverband.it\/wp-content\/uploads\/2021\/12\/1_Pleres.pdf\">Pleres<\/a><\/li>\n<li>Mazia &#8211; <a href=\"https:\/\/jagdverband.it\/wp-content\/uploads\/2021\/12\/1_Litzer.pdf\">Litzer<\/a><\/li>\n<li><a href=\"https:\/\/jagdverband.it\/wp-content\/uploads\/2021\/12\/1_Schlinig.pdf\">Slingia<\/a><\/li>\n<\/ul>\n<p>[\/et_pb_text][et_pb_text _builder_version=&#8221;4.16&#8243; _module_preset=&#8221;default&#8221; global_colors_info=&#8221;{}&#8221;]<\/p>\n<h4>Area di progetto 2<span style=\"color: #ff9900;\"><br \/><\/span><\/h4>\n<ul>\n<li><a href=\"https:\/\/jagdverband.it\/wp-content\/uploads\/2021\/12\/2_Latemar.pdf\">Latemar<\/a><\/li>\n<\/ul>\n<p>[\/et_pb_text][\/et_pb_column_inner][et_pb_column_inner type=&#8221;1_3&#8243; saved_specialty_column_type=&#8221;3_4&#8243; _builder_version=&#8221;4.16&#8243; _module_preset=&#8221;default&#8221; global_colors_info=&#8221;{}&#8221;][et_pb_text _builder_version=&#8221;4.16&#8243; _module_preset=&#8221;default&#8221; global_colors_info=&#8221;{}&#8221;]<\/p>\n<h4>Area di progetto 3<span style=\"color: #ff9900;\"><br \/><\/span><\/h4>\n<ul>\n<li><a href=\"https:\/\/jagdverband.it\/wp-content\/uploads\/2021\/12\/3_Feldthurns.pdf\">Velturno<\/a><\/li>\n<li><a href=\"https:\/\/jagdverband.it\/wp-content\/uploads\/2021\/12\/3_Latzfons.pdf\">Lazfons<\/a><\/li>\n<\/ul>\n<p>[\/et_pb_text][et_pb_text _builder_version=&#8221;4.16&#8243; _module_preset=&#8221;default&#8221; global_colors_info=&#8221;{}&#8221;]<\/p>\n<h4>Area di progetto 4<span style=\"color: #ff9900;\"><br \/><\/span><\/h4>\n<ul>\n<li>Braies &#8211; <a href=\"https:\/\/jagdverband.it\/wp-content\/uploads\/2021\/12\/4_Prags-Plaetzwiese.pdf\">Prato Piazza<\/a><\/li>\n<\/ul>\n<p>[\/et_pb_text][\/et_pb_column_inner][et_pb_column_inner type=&#8221;1_3&#8243; saved_specialty_column_type=&#8221;3_4&#8243; _builder_version=&#8221;4.16&#8243; _module_preset=&#8221;default&#8221; global_colors_info=&#8221;{}&#8221;][et_pb_text _builder_version=&#8221;4.16&#8243; _module_preset=&#8221;default&#8221; global_colors_info=&#8221;{}&#8221;]<\/p>\n<h4>Area di progetto 5<span style=\"color: #ff9900;\"><br \/><\/span><\/h4>\n<ul>\n<li><a href=\"https:\/\/jagdverband.it\/wp-content\/uploads\/2021\/12\/5_Rein-in-Taufers.pdf\">Riva di Tures<\/a><\/li>\n<\/ul>\n<p>[\/et_pb_text][et_pb_text _builder_version=&#8221;4.16&#8243; _module_preset=&#8221;default&#8221; global_colors_info=&#8221;{}&#8221;]<\/p>\n<h4>Area di progetto 6<span style=\"color: #ff9900;\"><br \/><\/span><\/h4>\n<ul>\n<li><a href=\"https:\/\/jagdverband.it\/wp-content\/uploads\/2021\/12\/6_Prettau.pdf\">Predoi<\/a><\/li>\n<li><a href=\"https:\/\/jagdverband.it\/wp-content\/uploads\/2021\/12\/6_Kasern.pdf\">Casere<\/a><\/li>\n<\/ul>\n<p>[\/et_pb_text][\/et_pb_column_inner][\/et_pb_row_inner][et_pb_row_inner _builder_version=&#8221;4.16&#8243; global_colors_info=&#8221;{}&#8221;][et_pb_column_inner saved_specialty_column_type=&#8221;3_4&#8243; _builder_version=&#8221;4.16&#8243; global_colors_info=&#8221;{}&#8221;][et_pb_image src=&#8221;https:\/\/jagdverband.it\/wp-content\/uploads\/2021\/11\/rehbock.jpg&#8221; _builder_version=&#8221;4.16&#8243; global_colors_info=&#8221;{}&#8221;][\/et_pb_image][\/et_pb_column_inner][\/et_pb_row_inner][et_pb_row_inner _builder_version=&#8221;4.16&#8243; custom_margin=&#8221;||50px||false|false&#8221; custom_padding=&#8221;13px|0px|0.9px|0px|false|false&#8221; global_colors_info=&#8221;{}&#8221;][et_pb_column_inner saved_specialty_column_type=&#8221;3_4&#8243; _builder_version=&#8221;4.16&#8243; custom_padding=&#8221;|||&#8221; global_colors_info=&#8221;{}&#8221; parallax__hover=&#8221;off&#8221; parallax_method__hover=&#8221;on&#8221; custom_padding__hover=&#8221;|||&#8221;][et_pb_text _builder_version=&#8221;4.16&#8243; text_font=&#8221;||||||||&#8221; text_line_height=&#8221;1.8em&#8221; header_font=&#8221;||||||||&#8221; animation_direction=&#8221;left&#8221; global_colors_info=&#8221;{}&#8221;]<\/p>\n<h1><span style=\"color: #ff9900;\"><strong>Ulteriori informazioni e contatto<\/strong><\/span><\/h1>\n<p>[\/et_pb_text][et_pb_toggle title=&#8221;Altri link&#8221; _builder_version=&#8221;4.18.0&#8243; hover_enabled=&#8221;0&#8243; global_colors_info=&#8221;{}&#8221; sticky_enabled=&#8221;0&#8243;]<\/p>\n<ul>\n<li><span style=\"color: #ff9900;\"><a style=\"color: #ff9900;\" href=\"https:\/\/conoscereperrispettare.it\/\">Conoscere per rispettare<\/a><\/span><span class=\"aCOpRe\"><br \/><\/span><\/li>\n<li><a href=\"https:\/\/www.parcostelviotrentino.it\/it\/parco-aperto\/rispetta-gli-animali-in-inverno\/134-25635.html\"><span style=\"color: #ff9900;\">Parco Nationale Stelvio &#8211; Trentino<\/span><\/a><\/li>\n<\/ul>\n<p>[\/et_pb_toggle][et_pb_toggle title=&#8221;Contatta&#8221; _builder_version=&#8221;4.18.0&#8243; hover_enabled=&#8221;0&#8243; global_colors_info=&#8221;{}&#8221; sticky_enabled=&#8221;0&#8243;]<\/p>\n<p><strong>Associazione Cacciatori Alto Adige<\/strong><br \/>Via Macello 57 C<br \/>39100 Bolzano<br \/><a href=\"mailto:info@jagdverband.it\"><span style=\"color: #ff9900;\">info@jagdverband.it<\/span><\/a><\/p>\n<p><strong>Alpenverein S\u00fcdtirol<\/strong><br \/>Via Giotto 3<br \/>39100 Bolzano<br \/><span style=\"color: #ff9900;\"><a style=\"color: #ff9900;\" href=\"mailto:office@alpenverein.it\">office@alpenverein.it<\/a><\/span><\/p>\n<p><strong>Ufficio Natura<\/strong><br \/>Via Renon 4<br \/>39100 Bolzano<br \/><span style=\"color: #ff9900;\"><a style=\"color: #ff9900;\" href=\"mailto:%6E%61%74%75%72%61.%62%6F%6C%7A%61%6E%6F@%70%72%6F%76%69%6E%63%69%61.%62%7A.%69%74\">natura.bolzano@provincia.bz.it<\/a><\/span><br \/><a href=\"https:\/\/naturparks.provinz.bz.it\"><span style=\"color: #ff9900;\">Website<\/span><\/a><\/p>\n<p><strong>Ufficio Gestione fauna selvatica<\/strong><br \/>Via Brennero 6<br \/>39100 Bolzano<br \/><span style=\"color: #ff9900;\"><a style=\"color: #ff9900;\" href=\"mailto:gestione.fauna.selvatica@provincia.bz.it\">gestione.fauna.selvatica@provincia.bz.it<\/a><\/span><br \/><span style=\"color: #ff9900;\"><a style=\"color: #ff9900;\" href=\"https:\/\/www.provincia.bz.it\/agricoltura-foreste\/fauna-caccia-pesca\/default.asp\">Website\u00a0\u00a0<\/a><\/span><\/p>\n<p>[\/et_pb_toggle][et_pb_divider color=&#8221;rgba(0,0,0,0.1)&#8221; _builder_version=&#8221;4.16&#8243; global_colors_info=&#8221;{}&#8221;][\/et_pb_divider][\/et_pb_column_inner][\/et_pb_row_inner][\/et_pb_column][et_pb_column type=&#8221;1_4&#8243; _builder_version=&#8221;4.16&#8243; custom_padding=&#8221;|||&#8221; global_colors_info=&#8221;{}&#8221; parallax__hover=&#8221;off&#8221; parallax_method__hover=&#8221;on&#8221; custom_padding__hover=&#8221;|||&#8221;][et_pb_sidebar orientation=&#8221;right&#8221; _builder_version=&#8221;4.16&#8243; global_colors_info=&#8221;{}&#8221;][\/et_pb_sidebar][\/et_pb_column][\/et_pb_section]<\/p>\n","protected":false},"excerpt":{"rendered":"<p>La fauna selvatica in invernoScarsit\u00e0 di cibo, freddo pungente, neve. Gli animali selvatici si sono adattati alle dure condizioni invernali nel corso di migliaia di anni. Indossano pellicce o piume [&hellip;]<\/p>\n","protected":false},"author":1,"featured_media":0,"parent":0,"menu_order":0,"comment_status":"closed","ping_status":"closed","template":"","meta":{"_et_pb_use_builder":"on","_et_pb_old_content":"","_et_gb_content_width":""},"ams_acf":[],"yoast_head":"<!-- This site is optimized with the Yoast SEO plugin v19.6 - https:\/\/yoast.com\/wordpress\/plugins\/seo\/ -->\n<title>La fauna selvatica in inverno - S\u00fcdtiroler Jagdverband<\/title>\n<meta name=\"robots\" content=\"index, follow, max-snippet:-1, max-image-preview:large, max-video-preview:-1\" \/>\n<link rel=\"canonical\" href=\"https:\/\/jagdverband.it\/it\/fauna-selvatica-in-inverno\/\" \/>\n<meta property=\"og:locale\" content=\"it_IT\" \/>\n<meta property=\"og:type\" content=\"article\" \/>\n<meta property=\"og:title\" content=\"La fauna selvatica in inverno - S\u00fcdtiroler Jagdverband\" \/>\n<meta property=\"og:description\" content=\"La fauna selvatica in invernoScarsit\u00e0 di cibo, freddo pungente, neve. Gli animali selvatici si sono adattati alle dure condizioni invernali nel corso di migliaia di anni. Indossano pellicce o piume [&hellip;]\" \/>\n<meta property=\"og:url\" content=\"https:\/\/jagdverband.it\/it\/fauna-selvatica-in-inverno\/\" \/>\n<meta property=\"og:site_name\" content=\"S\u00fcdtiroler Jagdverband\" \/>\n<meta property=\"article:modified_time\" content=\"2024-02-16T12:17:42+00:00\" \/>\n<meta name=\"twitter:card\" content=\"summary\" \/>\n<meta name=\"twitter:label1\" content=\"Tempo di lettura stimato\" \/>\n\t<meta name=\"twitter:data1\" content=\"9 minuti\" \/>\n<script type=\"application\/ld+json\" class=\"yoast-schema-graph\">{\"@context\":\"https:\/\/schema.org\",\"@graph\":[{\"@type\":\"WebPage\",\"@id\":\"https:\/\/jagdverband.it\/it\/fauna-selvatica-in-inverno\/\",\"url\":\"https:\/\/jagdverband.it\/it\/fauna-selvatica-in-inverno\/\",\"name\":\"La fauna selvatica in inverno - S\u00fcdtiroler Jagdverband\",\"isPartOf\":{\"@id\":\"https:\/\/jagdverband.it\/it\/#website\"},\"datePublished\":\"2021-11-23T09:21:57+00:00\",\"dateModified\":\"2024-02-16T12:17:42+00:00\",\"breadcrumb\":{\"@id\":\"https:\/\/jagdverband.it\/it\/fauna-selvatica-in-inverno\/#breadcrumb\"},\"inLanguage\":\"it-IT\",\"potentialAction\":[{\"@type\":\"ReadAction\",\"target\":[\"https:\/\/jagdverband.it\/it\/fauna-selvatica-in-inverno\/\"]}]},{\"@type\":\"BreadcrumbList\",\"@id\":\"https:\/\/jagdverband.it\/it\/fauna-selvatica-in-inverno\/#breadcrumb\",\"itemListElement\":[{\"@type\":\"ListItem\",\"position\":1,\"name\":\"Home\",\"item\":\"https:\/\/jagdverband.it\/it\/\"},{\"@type\":\"ListItem\",\"position\":2,\"name\":\"La fauna selvatica in inverno\"}]},{\"@type\":\"WebSite\",\"@id\":\"https:\/\/jagdverband.it\/it\/#website\",\"url\":\"https:\/\/jagdverband.it\/it\/\",\"name\":\"S\u00fcdtiroler Jagdverband\",\"description\":\"S\u00fcdtiroler Jagdverband\",\"publisher\":{\"@id\":\"https:\/\/jagdverband.it\/it\/#organization\"},\"potentialAction\":[{\"@type\":\"SearchAction\",\"target\":{\"@type\":\"EntryPoint\",\"urlTemplate\":\"https:\/\/jagdverband.it\/it\/?s={search_term_string}\"},\"query-input\":\"required name=search_term_string\"}],\"inLanguage\":\"it-IT\"},{\"@type\":\"Organization\",\"@id\":\"https:\/\/jagdverband.it\/it\/#organization\",\"name\":\"S\u00fcdtiroler Jagdverband\",\"url\":\"https:\/\/jagdverband.it\/it\/\",\"sameAs\":[],\"logo\":{\"@type\":\"ImageObject\",\"inLanguage\":\"it-IT\",\"@id\":\"https:\/\/jagdverband.it\/it\/#\/schema\/logo\/image\/\",\"url\":\"\",\"contentUrl\":\"\",\"caption\":\"S\u00fcdtiroler Jagdverband\"},\"image\":{\"@id\":\"https:\/\/jagdverband.it\/it\/#\/schema\/logo\/image\/\"}}]}<\/script>\n<!-- \/ Yoast SEO plugin. -->","yoast_head_json":{"title":"La fauna selvatica in inverno - S\u00fcdtiroler Jagdverband","robots":{"index":"index","follow":"follow","max-snippet":"max-snippet:-1","max-image-preview":"max-image-preview:large","max-video-preview":"max-video-preview:-1"},"canonical":"https:\/\/jagdverband.it\/it\/fauna-selvatica-in-inverno\/","og_locale":"it_IT","og_type":"article","og_title":"La fauna selvatica in inverno - S\u00fcdtiroler Jagdverband","og_description":"La fauna selvatica in invernoScarsit\u00e0 di cibo, freddo pungente, neve. Gli animali selvatici si sono adattati alle dure condizioni invernali nel corso di migliaia di anni. Indossano pellicce o piume [&hellip;]","og_url":"https:\/\/jagdverband.it\/it\/fauna-selvatica-in-inverno\/","og_site_name":"S\u00fcdtiroler Jagdverband","article_modified_time":"2024-02-16T12:17:42+00:00","twitter_card":"summary","twitter_misc":{"Tempo di lettura stimato":"9 minuti"},"schema":{"@context":"https:\/\/schema.org","@graph":[{"@type":"WebPage","@id":"https:\/\/jagdverband.it\/it\/fauna-selvatica-in-inverno\/","url":"https:\/\/jagdverband.it\/it\/fauna-selvatica-in-inverno\/","name":"La fauna selvatica in inverno - S\u00fcdtiroler Jagdverband","isPartOf":{"@id":"https:\/\/jagdverband.it\/it\/#website"},"datePublished":"2021-11-23T09:21:57+00:00","dateModified":"2024-02-16T12:17:42+00:00","breadcrumb":{"@id":"https:\/\/jagdverband.it\/it\/fauna-selvatica-in-inverno\/#breadcrumb"},"inLanguage":"it-IT","potentialAction":[{"@type":"ReadAction","target":["https:\/\/jagdverband.it\/it\/fauna-selvatica-in-inverno\/"]}]},{"@type":"BreadcrumbList","@id":"https:\/\/jagdverband.it\/it\/fauna-selvatica-in-inverno\/#breadcrumb","itemListElement":[{"@type":"ListItem","position":1,"name":"Home","item":"https:\/\/jagdverband.it\/it\/"},{"@type":"ListItem","position":2,"name":"La fauna selvatica in inverno"}]},{"@type":"WebSite","@id":"https:\/\/jagdverband.it\/it\/#website","url":"https:\/\/jagdverband.it\/it\/","name":"S\u00fcdtiroler Jagdverband","description":"S\u00fcdtiroler Jagdverband","publisher":{"@id":"https:\/\/jagdverband.it\/it\/#organization"},"potentialAction":[{"@type":"SearchAction","target":{"@type":"EntryPoint","urlTemplate":"https:\/\/jagdverband.it\/it\/?s={search_term_string}"},"query-input":"required name=search_term_string"}],"inLanguage":"it-IT"},{"@type":"Organization","@id":"https:\/\/jagdverband.it\/it\/#organization","name":"S\u00fcdtiroler Jagdverband","url":"https:\/\/jagdverband.it\/it\/","sameAs":[],"logo":{"@type":"ImageObject","inLanguage":"it-IT","@id":"https:\/\/jagdverband.it\/it\/#\/schema\/logo\/image\/","url":"","contentUrl":"","caption":"S\u00fcdtiroler Jagdverband"},"image":{"@id":"https:\/\/jagdverband.it\/it\/#\/schema\/logo\/image\/"}}]}},"_links":{"self":[{"href":"https:\/\/jagdverband.it\/it\/wp-json\/wp\/v2\/pages\/66342"}],"collection":[{"href":"https:\/\/jagdverband.it\/it\/wp-json\/wp\/v2\/pages"}],"about":[{"href":"https:\/\/jagdverband.it\/it\/wp-json\/wp\/v2\/types\/page"}],"author":[{"embeddable":true,"href":"https:\/\/jagdverband.it\/it\/wp-json\/wp\/v2\/users\/1"}],"replies":[{"embeddable":true,"href":"https:\/\/jagdverband.it\/it\/wp-json\/wp\/v2\/comments?post=66342"}],"version-history":[{"count":0,"href":"https:\/\/jagdverband.it\/it\/wp-json\/wp\/v2\/pages\/66342\/revisions"}],"wp:attachment":[{"href":"https:\/\/jagdverband.it\/it\/wp-json\/wp\/v2\/media?parent=66342"}],"curies":[{"name":"wp","href":"https:\/\/api.w.org\/{rel}","templated":true}]}}